{"file_id":"F57","vid":"V2937","name":"P2254S2","var_intrvl":"discrete","var_dcml":"0","var_wgt":null,"var_is_wgt":null,"loc_start_pos":"162","loc_end_pos":"163","loc_width":"2","loc_rec_seg_no":"1","labl":"16. \u00bfHasta qu\u00e9 fecha vivi\u00f3 en este lugar?\nMes","var_imputation":null,"var_security":null,"var_resp_unit":null,"var_analysis_unit":null,"var_qstn_preqtxt":null,"var_qstn_qstnlit":"16. \u00bfHasta qu\u00e9 fecha vivi\u00f3 en este lugar?\nMes","var_qstn_postqtxt":null,"var_qstn_ivuinstr":null,"var_universe":"El universo para la Encuesta Longitudinal de Colombia (ELCO) est\u00e1 conformado por la poblaci\u00f3n civil no institucional residente en todo el territorio nacional, excluyendo San Andr\u00e9s, Providencia y los departamentos de Amazonas, Guain\u00eda y Vaup\u00e9s.","var_universe_clusion":"I","var_sumstat":[{"value":"489","type":"vald","wgtd":null},{"value":"0","type":"invd","wgtd":null},{"value":"1","type":"min","wgtd":null},{"value":"12","type":"max","wgtd":null},{"value":"7.207","type":"mean","wgtd":null},{"value":"3.658","type":"stdev","wgtd":null}],"var_txt":null,"var_catgry":[{"value":"1","labl":null,"is_missing":null,"stats":[{"value":"31","type":"freq","wgtd":null}]},{"value":"2","labl":null,"is_missing":null,"stats":[{"value":"40","type":"freq","wgtd":null}]},{"value":"3","labl":null,"is_missing":null,"stats":[{"value":"30","type":"freq","wgtd":null}]},{"value":"4","labl":null,"is_missing":null,"stats":[{"value":"34","type":"freq","wgtd":null}]},{"value":"5","labl":null,"is_missing":null,"stats":[{"value":"29","type":"freq","wgtd":null}]},{"value":"6","labl":null,"is_missing":null,"stats":[{"value":"67","type":"freq","wgtd":null}]},{"value":"7","labl":null,"is_missing":null,"stats":[{"value":"25","type":"freq","wgtd":null}]},{"value":"8","labl":null,"is_missing":null,"stats":[{"value":"32","type":"freq","wgtd":null}]},{"value":"9","labl":null,"is_missing":null,"stats":[{"value":"24","type":"freq","wgtd":null}]},{"value":"10","labl":null,"is_missing":null,"stats":[{"value":"46","type":"freq","wgtd":null}]},{"value":"11","labl":null,"is_missing":null,"stats":[{"value":"39","type":"freq","wgtd":null}]},{"value":"12","labl":null,"is_missing":null,"stats":[{"value":"92","type":"freq","wgtd":null}]}],"var_codinstr":null,"var_concept":[],"var_format":{"type":"numeric","schema":"other","category":null,"name":null},"var_notes":null,"var_val_range":{"min":"1","max":"12"},"fid":"F57","sid":"814","survey_idno":"DANE-DIMPE-ELCO-2019"}