{"file_id":"F58","vid":"V2957","name":"P2258S1","var_intrvl":"discrete","var_dcml":"0","var_wgt":null,"var_is_wgt":null,"loc_start_pos":"144","loc_end_pos":"147","loc_width":"4","loc_rec_seg_no":"1","labl":"20. \u00bfDesde qu\u00e9 fecha vivi\u00f3 en este lugar?A\u00f1o","var_imputation":null,"var_security":null,"var_resp_unit":null,"var_analysis_unit":null,"var_qstn_preqtxt":null,"var_qstn_qstnlit":"20. \u00bfDesde qu\u00e9 fecha vivi\u00f3 en este lugar?\nA\u00f1o","var_qstn_postqtxt":null,"var_qstn_ivuinstr":null,"var_universe":"El universo para la Encuesta Longitudinal de Colombia (ELCO) est\u00e1 conformado por la poblaci\u00f3n civil no institucional residente en todo el territorio nacional, excluyendo San Andr\u00e9s, Providencia y los departamentos de Amazonas, Guain\u00eda y Vaup\u00e9s.","var_universe_clusion":"I","var_sumstat":[{"value":"186","type":"vald","wgtd":null},{"value":"0","type":"invd","wgtd":null},{"value":"2016","type":"min","wgtd":null},{"value":"2019","type":"max","wgtd":null},{"value":"2016.806","type":"mean","wgtd":null},{"value":"1.037","type":"stdev","wgtd":null}],"var_txt":null,"var_catgry":[{"value":"2016","labl":null,"is_missing":null,"stats":[{"value":"105","type":"freq","wgtd":null}]},{"value":"2017","labl":null,"is_missing":null,"stats":[{"value":"28","type":"freq","wgtd":null}]},{"value":"2018","labl":null,"is_missing":null,"stats":[{"value":"37","type":"freq","wgtd":null}]},{"value":"2019","labl":null,"is_missing":null,"stats":[{"value":"16","type":"freq","wgtd":null}]}],"var_codinstr":null,"var_concept":[],"var_format":{"type":"numeric","schema":"other","category":null,"name":null},"var_notes":null,"var_val_range":{"min":"2016","max":"2019"},"fid":"F58","sid":"814","survey_idno":"DANE-DIMPE-ELCO-2019"}