{"file_id":"F58","vid":"V2961","name":"P2260","var_intrvl":"discrete","var_dcml":"0","var_wgt":null,"var_is_wgt":null,"loc_start_pos":"156","loc_end_pos":"156","loc_width":"1","loc_rec_seg_no":"1","labl":"22. \u00bfCu\u00e1l fue el motivo principal de esta migraci\u00f3n?","var_imputation":null,"var_security":null,"var_resp_unit":null,"var_analysis_unit":null,"var_qstn_preqtxt":null,"var_qstn_qstnlit":"22. \u00bfCu\u00e1l fue el motivo principal de esta migraci\u00f3n?\n\n1.\tDificultad para encontrar trabajo o ausencia de medios de subsistencia\n2.\tRiesgo o consecuencia de desastre natural (inundaci\u00f3n, avalancha, deslizamiento, terremoto, etc.)\n3.\tAmenaza o riesgo para su vida, su libertad o su integridad f\u00edsica, ocasionada por la violencia\n4.\tNecesidad de educaci\u00f3n\n5.\tPorque se cas\u00f3 o form\u00f3 pareja\n6.\tMotivos de salud\n7.\tMejorar la vivienda o localizaci\u00f3n\n8.\tMejores oportunidades laborales o de negocio\n9.\tOtra, \u00bfcu\u00e1l?","var_qstn_postqtxt":null,"var_qstn_ivuinstr":null,"var_universe":"El universo para la Encuesta Longitudinal de Colombia (ELCO) est\u00e1 conformado por la poblaci\u00f3n civil no institucional residente en todo el territorio nacional, excluyendo San Andr\u00e9s, Providencia y los departamentos de Amazonas, Guain\u00eda y Vaup\u00e9s.","var_universe_clusion":"I","var_sumstat":[{"value":"186","type":"vald","wgtd":null},{"value":"0","type":"invd","wgtd":null},{"value":"1","type":"min","wgtd":null},{"value":"9","type":"max","wgtd":null},{"value":"6.333","type":"mean","wgtd":null},{"value":"2.816","type":"stdev","wgtd":null}],"var_txt":null,"var_catgry":[{"value":"1","labl":"Dificultad para encontrar trabajo o ausencia de medios de subsistencia","is_missing":null,"stats":[{"value":"30","type":"freq","wgtd":null}]},{"value":"2","labl":"Riesgo o consecuencia de desastre natural (inundaci\u00f3n, avalancha, deslizamiento, terremoto, etc.)","is_missing":null,"stats":[{"value":"1","type":"freq","wgtd":null}]},{"value":"3","labl":"Amenaza o riesgo para su vida, su libertad o su integridad f\u00edsica, ocasionada por la violencia","is_missing":null,"stats":[{"value":"1","type":"freq","wgtd":null}]},{"value":"4","labl":"Necesidad de educaci\u00f3n","is_missing":null,"stats":[{"value":"22","type":"freq","wgtd":null}]},{"value":"5","labl":"Porque se cas\u00f3 o form\u00f3 pareja","is_missing":null,"stats":[{"value":"4","type":"freq","wgtd":null}]},{"value":"6","labl":"Motivos de salud","is_missing":null,"stats":[{"value":"3","type":"freq","wgtd":null}]},{"value":"7","labl":"Mejorar la vivienda o localizaci\u00f3n","is_missing":null,"stats":[{"value":"18","type":"freq","wgtd":null}]},{"value":"8","labl":"Mejores oportunidades laborales o de negocio","is_missing":null,"stats":[{"value":"72","type":"freq","wgtd":null}]},{"value":"9","labl":"Otra, \u00bfcu\u00e1l?","is_missing":null,"stats":[{"value":"35","type":"freq","wgtd":null}]}],"var_codinstr":null,"var_concept":[],"var_format":{"type":"numeric","schema":"other","category":null,"name":null},"var_notes":null,"var_val_range":{"min":"1","max":"9"},"fid":"F58","sid":"814","survey_idno":"DANE-DIMPE-ELCO-2019"}