{"file_id":"F59","vid":"V2997","name":"P9010","var_intrvl":"discrete","var_dcml":"0","var_wgt":null,"var_is_wgt":null,"loc_start_pos":"114","loc_end_pos":"114","loc_width":"1","loc_rec_seg_no":"1","labl":"7.  \u00bfC\u00f3mo se siente en el barrio o vereda donde vive:","var_imputation":null,"var_security":null,"var_resp_unit":null,"var_analysis_unit":null,"var_qstn_preqtxt":null,"var_qstn_qstnlit":"7.  \u00bfC\u00f3mo se siente en el barrio o vereda donde vive:\n\n1.\tMuy Seguro\n2.\tSeguro\n3.\tInseguro\n4.\tMuy Inseguro","var_qstn_postqtxt":null,"var_qstn_ivuinstr":null,"var_universe":"El universo para la Encuesta Longitudinal de Colombia (ELCO) est\u00e1 conformado por la poblaci\u00f3n civil no institucional residente en todo el territorio nacional, excluyendo San Andr\u00e9s, Providencia y los departamentos de Amazonas, Guain\u00eda y Vaup\u00e9s.","var_universe_clusion":"I","var_sumstat":[{"value":"16938","type":"vald","wgtd":null},{"value":"0","type":"invd","wgtd":null},{"value":"1","type":"min","wgtd":null},{"value":"4","type":"max","wgtd":null},{"value":"2.029","type":"mean","wgtd":null},{"value":"0.635","type":"stdev","wgtd":null}],"var_txt":null,"var_catgry":[{"value":"1","labl":"Muy Seguro","is_missing":null,"stats":[{"value":"2807","type":"freq","wgtd":null}]},{"value":"2","labl":"Seguro","is_missing":null,"stats":[{"value":"11201","type":"freq","wgtd":null}]},{"value":"3","labl":"Inseguro","is_missing":null,"stats":[{"value":"2564","type":"freq","wgtd":null}]},{"value":"4","labl":"Muy Inseguro","is_missing":null,"stats":[{"value":"366","type":"freq","wgtd":null}]}],"var_codinstr":null,"var_concept":[],"var_format":{"type":"numeric","schema":"other","category":null,"name":null},"var_notes":null,"var_val_range":{"min":"1","max":"4"},"fid":"F59","sid":"814","survey_idno":"DANE-DIMPE-ELCO-2019"}