{"file_id":"F60","vid":"V3095","name":"P2116S1A1","var_intrvl":"discrete","var_dcml":"0","var_wgt":null,"var_is_wgt":null,"loc_start_pos":"72","loc_end_pos":"72","loc_width":"1","loc_rec_seg_no":"1","labl":"Esa persona era:","var_imputation":null,"var_security":null,"var_resp_unit":null,"var_analysis_unit":null,"var_qstn_preqtxt":null,"var_qstn_qstnlit":"Esa persona era:\n\n1.\tJefe(a)\n2.\tC\u00f3nyuge  \n3.\tHijo(a) del jefe\n4.\tOtro","var_qstn_postqtxt":null,"var_qstn_ivuinstr":null,"var_universe":"El universo para la Encuesta Longitudinal de Colombia (ELCO) est\u00e1 conformado por la poblaci\u00f3n civil no institucional residente en todo el territorio nacional, excluyendo San Andr\u00e9s, Providencia y los departamentos de Amazonas, Guain\u00eda y Vaup\u00e9s.","var_universe_clusion":"I","var_sumstat":[{"value":"1135","type":"vald","wgtd":null},{"value":"15803","type":"invd","wgtd":null},{"value":"1","type":"min","wgtd":null},{"value":"4","type":"max","wgtd":null},{"value":"2.721","type":"mean","wgtd":null},{"value":"1.283","type":"stdev","wgtd":null}],"var_txt":null,"var_catgry":[{"value":"1","labl":"Jefe(a)","is_missing":null,"stats":[{"value":"304","type":"freq","wgtd":null}]},{"value":"2","labl":"C\u00f3nyuge","is_missing":null,"stats":[{"value":"224","type":"freq","wgtd":null}]},{"value":"3","labl":"Hijo(a) del jefe","is_missing":null,"stats":[{"value":"92","type":"freq","wgtd":null}]},{"value":"4","labl":"Otro","is_missing":null,"stats":[{"value":"515","type":"freq","wgtd":null}]},{"value":"Sysmiss","labl":null,"is_missing":"Y","stats":[{"value":"15803","type":"freq","wgtd":null}]}],"var_codinstr":null,"var_concept":[],"var_format":{"type":"numeric","schema":"other","category":null,"name":null},"var_notes":null,"var_val_range":{"min":"1","max":"4"},"fid":"F60","sid":"814","survey_idno":"DANE-DIMPE-ELCO-2019"}