{"file_id":"F60","vid":"V3112","name":"P2116S6A2","var_intrvl":"discrete","var_dcml":"0","var_wgt":null,"var_is_wgt":null,"loc_start_pos":"94","loc_end_pos":"94","loc_width":"1","loc_rec_seg_no":"1","labl":"\u00bfQu\u00e9 importancia tuvo para la estabilidad econ\u00f3mica del hogar?","var_imputation":null,"var_security":null,"var_resp_unit":null,"var_analysis_unit":null,"var_qstn_preqtxt":null,"var_qstn_qstnlit":"\u00bfQu\u00e9 importancia tuvo para la estabilidad econ\u00f3mica del hogar?\n\n1.\tAlta\n2.\tMedia\n3.\tBaja\n4.\tNinguna","var_qstn_postqtxt":null,"var_qstn_ivuinstr":null,"var_universe":"El universo para la Encuesta Longitudinal de Colombia (ELCO) est\u00e1 conformado por la poblaci\u00f3n civil no institucional residente en todo el territorio nacional, excluyendo San Andr\u00e9s, Providencia y los departamentos de Amazonas, Guain\u00eda y Vaup\u00e9s.","var_universe_clusion":"I","var_sumstat":[{"value":"1441","type":"vald","wgtd":null},{"value":"15497","type":"invd","wgtd":null},{"value":"1","type":"min","wgtd":null},{"value":"4","type":"max","wgtd":null},{"value":"1.561","type":"mean","wgtd":null},{"value":"0.837","type":"stdev","wgtd":null}],"var_txt":null,"var_catgry":[{"value":"1","labl":"Alta","is_missing":null,"stats":[{"value":"897","type":"freq","wgtd":null}]},{"value":"2","labl":"Media","is_missing":null,"stats":[{"value":"343","type":"freq","wgtd":null}]},{"value":"3","labl":"Baja","is_missing":null,"stats":[{"value":"138","type":"freq","wgtd":null}]},{"value":"4","labl":"Ninguna","is_missing":null,"stats":[{"value":"63","type":"freq","wgtd":null}]},{"value":"Sysmiss","labl":null,"is_missing":"Y","stats":[{"value":"15497","type":"freq","wgtd":null}]}],"var_codinstr":null,"var_concept":[],"var_format":{"type":"numeric","schema":"other","category":null,"name":null},"var_notes":null,"var_val_range":{"min":"1","max":"4"},"fid":"F60","sid":"814","survey_idno":"DANE-DIMPE-ELCO-2019"}