{"file_id":"F60","vid":"V3181","name":"P2117S8","var_intrvl":"discrete","var_dcml":"0","var_wgt":null,"var_is_wgt":null,"loc_start_pos":"223","loc_end_pos":"223","loc_width":"1","loc_rec_seg_no":"1","labl":"4. Durante los \u00daLTIMOS 12 MESES, \u00bfeste hogar recibi\u00f3 o fue beneficiario de alguno de los siguientes programas o ayudas:\nProgramas del ICBF","var_imputation":null,"var_security":null,"var_resp_unit":null,"var_analysis_unit":null,"var_qstn_preqtxt":null,"var_qstn_qstnlit":"4. Durante los \u00daLTIMOS 12 MESES, \u00bfeste hogar recibi\u00f3 o fue beneficiario de alguno de los siguientes programas o ayudas:\nProgramas del ICBF\n\n1.\tSi\n2.\tNo","var_qstn_postqtxt":null,"var_qstn_ivuinstr":null,"var_universe":"El universo para la Encuesta Longitudinal de Colombia (ELCO) est\u00e1 conformado por la poblaci\u00f3n civil no institucional residente en todo el territorio nacional, excluyendo San Andr\u00e9s, Providencia y los departamentos de Amazonas, Guain\u00eda y Vaup\u00e9s.","var_universe_clusion":"I","var_sumstat":[{"value":"16938","type":"vald","wgtd":null},{"value":"0","type":"invd","wgtd":null},{"value":"1","type":"min","wgtd":null},{"value":"2","type":"max","wgtd":null},{"value":"1.988","type":"mean","wgtd":null},{"value":"0.11","type":"stdev","wgtd":null}],"var_txt":null,"var_catgry":[{"value":"1","labl":"Si","is_missing":null,"stats":[{"value":"209","type":"freq","wgtd":null}]},{"value":"2","labl":"No","is_missing":null,"stats":[{"value":"16729","type":"freq","wgtd":null}]}],"var_codinstr":null,"var_concept":[],"var_format":{"type":"numeric","schema":"other","category":null,"name":null},"var_notes":null,"var_val_range":{"min":"1","max":"2"},"fid":"F60","sid":"814","survey_idno":"DANE-DIMPE-ELCO-2019"}