{"file_id":"F60","vid":"V3183","name":"P2117S8A2","var_intrvl":"discrete","var_dcml":"0","var_wgt":null,"var_is_wgt":null,"loc_start_pos":"225","loc_end_pos":"225","loc_width":"1","loc_rec_seg_no":"1","labl":"6. a. \u00bfCon qu\u00e9 frecuencia recibe las asignaciones?","var_imputation":null,"var_security":null,"var_resp_unit":null,"var_analysis_unit":null,"var_qstn_preqtxt":null,"var_qstn_qstnlit":"6. a. \u00bfCon qu\u00e9 frecuencia recibe las asignaciones?\n\n1.\tMensuales\n2.\tBimestral\n3.\tTrimestrales\n4.\tSemestrales\n5.\tUna vez al a\u00f1o\n6.\tOtro\n7.\tPor una sola vez\n9.\tNo sabe\/ No responde","var_qstn_postqtxt":null,"var_qstn_ivuinstr":null,"var_universe":"El universo para la Encuesta Longitudinal de Colombia (ELCO) est\u00e1 conformado por la poblaci\u00f3n civil no institucional residente en todo el territorio nacional, excluyendo San Andr\u00e9s, Providencia y los departamentos de Amazonas, Guain\u00eda y Vaup\u00e9s.","var_universe_clusion":"I","var_sumstat":[{"value":"209","type":"vald","wgtd":null},{"value":"16729","type":"invd","wgtd":null},{"value":"1","type":"min","wgtd":null},{"value":"9","type":"max","wgtd":null},{"value":"1.876","type":"mean","wgtd":null},{"value":"2.044","type":"stdev","wgtd":null}],"var_txt":null,"var_catgry":[{"value":"1","labl":"Mensuales","is_missing":null,"stats":[{"value":"173","type":"freq","wgtd":null}]},{"value":"2","labl":"Bimestral","is_missing":null,"stats":[{"value":"4","type":"freq","wgtd":null}]},{"value":"3","labl":"Trimestrales","is_missing":null,"stats":[{"value":"0","type":"freq","wgtd":null}]},{"value":"4","labl":"Semestrales","is_missing":null,"stats":[{"value":"0","type":"freq","wgtd":null}]},{"value":"5","labl":"Una vez al a\u00f1o","is_missing":null,"stats":[{"value":"2","type":"freq","wgtd":null}]},{"value":"6","labl":"Otro","is_missing":null,"stats":[{"value":"13","type":"freq","wgtd":null}]},{"value":"7","labl":"Por una sola vez","is_missing":null,"stats":[{"value":"15","type":"freq","wgtd":null}]},{"value":"9","labl":"No sabe\/ No responde","is_missing":null,"stats":[{"value":"2","type":"freq","wgtd":null}]},{"value":"Sysmiss","labl":null,"is_missing":"Y","stats":[{"value":"16729","type":"freq","wgtd":null}]}],"var_codinstr":null,"var_concept":[],"var_format":{"type":"numeric","schema":"other","category":null,"name":null},"var_notes":null,"var_val_range":{"min":"1","max":"9"},"fid":"F60","sid":"814","survey_idno":"DANE-DIMPE-ELCO-2019"}