{"file_id":"F61","vid":"V3276","name":"P6080","var_intrvl":"discrete","var_dcml":"0","var_wgt":null,"var_is_wgt":null,"loc_start_pos":"171","loc_end_pos":"171","loc_width":"1","loc_rec_seg_no":"1","labl":"6. \u00bfDe acuerdo con su cultura, pueblo o rasgos f\u00edsicos, ... es o se reconoce como?","var_imputation":null,"var_security":null,"var_resp_unit":null,"var_analysis_unit":null,"var_qstn_preqtxt":null,"var_qstn_qstnlit":"6. \u00bfDe acuerdo con su cultura, pueblo o rasgos f\u00edsicos, ... es o se reconoce como?\n\n1.\tInd\u00edgena\n2.\tGitano(a) o Rrom\n3.\tRaizal del Archipi\u00e9lago de San Andr\u00e9s, Providencia y Santa Catalina\n4.\tPalenquero(a) de San Basilio\n5.\tNegro(a), mulato(a), afrodescendiente, afrocolombiano(a)\n6.\tNing\u00fan grupo \u00e9tnico                                     \n9.\tNo responde","var_qstn_postqtxt":null,"var_qstn_ivuinstr":null,"var_universe":"El universo para la Encuesta Longitudinal de Colombia (ELCO) est\u00e1 conformado por la poblaci\u00f3n civil no institucional residente en todo el territorio nacional, excluyendo San Andr\u00e9s, Providencia y los departamentos de Amazonas, Guain\u00eda y Vaup\u00e9s.","var_universe_clusion":"I","var_sumstat":[{"value":"40770","type":"vald","wgtd":null},{"value":"0","type":"invd","wgtd":null},{"value":"1","type":"min","wgtd":null},{"value":"6","type":"max","wgtd":null},{"value":"5.602","type":"mean","wgtd":null},{"value":"1.207","type":"stdev","wgtd":null}],"var_txt":null,"var_catgry":[{"value":"1","labl":"Ind\u00edgena","is_missing":null,"stats":[{"value":"2474","type":"freq","wgtd":null}]},{"value":"2","labl":"Gitano(a) o Rrom","is_missing":null,"stats":[{"value":"4","type":"freq","wgtd":null}]},{"value":"3","labl":"Raizal del Archipi\u00e9lago de San Andr\u00e9s, Providencia y Santa Catalina","is_missing":null,"stats":[{"value":"11","type":"freq","wgtd":null}]},{"value":"4","labl":"Palenquero(a) de San Basilio","is_missing":null,"stats":[{"value":"11","type":"freq","wgtd":null}]},{"value":"5","labl":"Negro(a), mulato(a), afrodescendiente, afrocolombiano(a)","is_missing":null,"stats":[{"value":"3797","type":"freq","wgtd":null}]},{"value":"6","labl":"Ning\u00fan grupo \u00e9tnico","is_missing":null,"stats":[{"value":"34473","type":"freq","wgtd":null}]},{"value":"9","labl":"No responde","is_missing":null,"stats":[{"value":"0","type":"freq","wgtd":null}]}],"var_codinstr":null,"var_concept":[],"var_format":{"type":"numeric","schema":"other","category":null,"name":null},"var_notes":null,"var_val_range":{"min":"1","max":"6"},"fid":"F61","sid":"814","survey_idno":"DANE-DIMPE-ELCO-2019"}