{"file_id":"F62","vid":"V3306","name":"P61","var_intrvl":"discrete","var_dcml":null,"var_wgt":null,"var_is_wgt":null,"loc_start_pos":"147","loc_end_pos":"148","loc_width":"2","loc_rec_seg_no":"1","labl":"3. \u00bfCu\u00e1l es la principal raz\u00f3n para que ... no asista a un establecimiento educativo?","var_imputation":null,"var_security":null,"var_resp_unit":null,"var_analysis_unit":null,"var_qstn_preqtxt":null,"var_qstn_qstnlit":"3. \u00bfCu\u00e1l es la principal raz\u00f3n para que ... no asista a un establecimiento educativo?\n\n1.\tConsidera que no est\u00e1 en edad escolar \n2.\tConsidera que ya termin\u00f3 su ciclo educativo\n3.\tFalta de dinero o costos educativos elevados\n4.\tPor embarazo\n5.\tDebe encargarse de los oficios del hogar, cuidado de ni\u00f1os y de otras personas del hogar: ancianos,  (...)\n6.\tMalos tratos en el establecimiento educativo (Bullying)\n7.\tPor inseguridad en el entorno del centro educativo o del lugar de residencia\n8.\tFalta de cupo \n9.\tNo existe un centro educativo cercano o el establecimiento asignado es muy lejano\n10.\tNo le gusta o no le interesa el estudio\n11.\tNecesita trabajar\n12.\tPor enfermedad\n13.\tNecesita educaci\u00f3n especial\n14.\tPor falta de apoyo de los padres o por descuido\n15.\tTuvieron que abandonar el lugar de residencia habitual (conflicto armado y desastre natural)\n16.\tOtra raz\u00f3n \u00bfcu\u00e1l?","var_qstn_postqtxt":null,"var_qstn_ivuinstr":null,"var_universe":"El universo para la Encuesta Longitudinal de Colombia (ELCO) est\u00e1 conformado por la poblaci\u00f3n civil no institucional residente en todo el territorio nacional, excluyendo San Andr\u00e9s, Providencia y los departamentos de Amazonas, Guain\u00eda y Vaup\u00e9s.","var_universe_clusion":"I","var_sumstat":[{"value":"12876","type":"vald","wgtd":null},{"value":"0","type":"invd","wgtd":null}],"var_txt":null,"var_catgry":[{"value":"1","labl":"Considera que no est\u00e1 en edad escolar","is_missing":null,"stats":[{"value":"3971","type":"freq","wgtd":null}]},{"value":"10","labl":"No le gusta o no le interesa el estudio","is_missing":null,"stats":[{"value":"649","type":"freq","wgtd":null}]},{"value":"11","labl":"Necesita trabajar","is_missing":null,"stats":[{"value":"2444","type":"freq","wgtd":null}]},{"value":"12","labl":"Por enfermedad","is_missing":null,"stats":[{"value":"181","type":"freq","wgtd":null}]},{"value":"13","labl":"Necesita educaci\u00f3n especial","is_missing":null,"stats":[{"value":"47","type":"freq","wgtd":null}]},{"value":"14","labl":"Por falta de apoyo de los padres o por descuido","is_missing":null,"stats":[{"value":"253","type":"freq","wgtd":null}]},{"value":"15","labl":"Tuvieron que abandonar el lugar de residencia habitual (conflicto armado y desastre natural)","is_missing":null,"stats":[{"value":"5","type":"freq","wgtd":null}]},{"value":"16","labl":"Otra raz\u00f3n \u00bfcu\u00e1l?","is_missing":null,"stats":[{"value":"270","type":"freq","wgtd":null}]},{"value":"2","labl":"Considera que ya termin\u00f3 su ciclo educativo","is_missing":null,"stats":[{"value":"2015","type":"freq","wgtd":null}]},{"value":"3","labl":"Falta de dinero o costos educativos elevados","is_missing":null,"stats":[{"value":"1799","type":"freq","wgtd":null}]},{"value":"4","labl":"Por embarazo","is_missing":null,"stats":[{"value":"123","type":"freq","wgtd":null}]},{"value":"5","labl":"Debe encargarse de los oficios del hogar, cuidado de ni\u00f1os y de otras personas del hogar: ancianos,  (...)","is_missing":null,"stats":[{"value":"908","type":"freq","wgtd":null}]},{"value":"6","labl":"Malos tratos en el establecimiento educativo (Bullying)","is_missing":null,"stats":[{"value":"37","type":"freq","wgtd":null}]},{"value":"7","labl":"Por inseguridad en el entorno del centro educativo o del lugar de residencia","is_missing":null,"stats":[{"value":"14","type":"freq","wgtd":null}]},{"value":"8","labl":"Falta de cupo","is_missing":null,"stats":[{"value":"75","type":"freq","wgtd":null}]},{"value":"9","labl":"No existe un centro educativo cercano o el establecimiento asignado es muy lejano","is_missing":null,"stats":[{"value":"85","type":"freq","wgtd":null}]}],"var_codinstr":null,"var_concept":[],"var_format":{"type":"character","schema":"other","category":null,"name":null},"var_notes":null,"var_val_range":{"min":null,"max":null},"fid":"F62","sid":"814","survey_idno":"DANE-DIMPE-ELCO-2019"}