{"file_id":"F62","vid":"V3307","name":"P8587","var_intrvl":"discrete","var_dcml":null,"var_wgt":null,"var_is_wgt":null,"loc_start_pos":"149","loc_end_pos":"150","loc_width":"2","loc_rec_seg_no":"1","labl":"4. \u00bfCu\u00e1l es el nivel educativo m\u00e1s alto alcanzado por ... y el \u00faltimo a\u00f1o o grado aprobado en este nivel?","var_imputation":null,"var_security":null,"var_resp_unit":null,"var_analysis_unit":null,"var_qstn_preqtxt":null,"var_qstn_qstnlit":"4. \u00bfCu\u00e1l es el nivel educativo m\u00e1s alto alcanzado por ... y el \u00faltimo a\u00f1o o grado aprobado en este nivel?\n\n1.\tNinguno\n2.\tPreescolar\n3.\tB\u00e1sica primaria (1\u00b0 - 5\u00b0)\n4.\tB\u00e1sica secundaria (6\u00ba - 9\u00ba)\n5.\tMedia (10\u00ba - 13\u00ba)\n6.\tT\u00e9cnico sin t\u00edtulo\n7.\tT\u00e9cnico con t\u00edtulo\n8.\tTecnol\u00f3gico sin t\u00edtulo\n9.\tTecnol\u00f3gico con t\u00edtulo\n10.\tUniversitaria sin t\u00edtulo\n11.\tUniversitaria con t\u00edtulo\n12.\tPostgrado sin t\u00edtulo\n13.\tPostgrado con t\u00edtulo","var_qstn_postqtxt":null,"var_qstn_ivuinstr":null,"var_universe":"El universo para la Encuesta Longitudinal de Colombia (ELCO) est\u00e1 conformado por la poblaci\u00f3n civil no institucional residente en todo el territorio nacional, excluyendo San Andr\u00e9s, Providencia y los departamentos de Amazonas, Guain\u00eda y Vaup\u00e9s.","var_universe_clusion":"I","var_sumstat":[{"value":"27089","type":"vald","wgtd":null},{"value":"0","type":"invd","wgtd":null}],"var_txt":null,"var_catgry":[{"value":"1","labl":"1 \u00bb Ninguno","is_missing":null,"stats":[{"value":"2176","type":"freq","wgtd":null}]},{"value":"10","labl":"10 \u00bb Universitaria sin t\u00edtulo","is_missing":null,"stats":[{"value":"224","type":"freq","wgtd":null}]},{"value":"11","labl":"11 \u00bb Universitaria con t\u00edtulo","is_missing":null,"stats":[{"value":"1383","type":"freq","wgtd":null}]},{"value":"12","labl":"12 \u00bb Postgrado sin t\u00edtulo","is_missing":null,"stats":[{"value":"21","type":"freq","wgtd":null}]},{"value":"13","labl":"13 \u00bb Postgrado con t\u00edtulo","is_missing":null,"stats":[{"value":"480","type":"freq","wgtd":null}]},{"value":"2","labl":"2 \u00bb Preescolar","is_missing":null,"stats":[{"value":"60","type":"freq","wgtd":null}]},{"value":"3","labl":"3 \u00bb B\u00e1sica primaria (1\u00b0 - 5\u00b0)","is_missing":null,"stats":[{"value":"10987","type":"freq","wgtd":null}]},{"value":"4","labl":"4 \u00bb B\u00e1sica secundaria (6\u00ba - 9\u00ba)","is_missing":null,"stats":[{"value":"3530","type":"freq","wgtd":null}]},{"value":"5","labl":"5 \u00bb Media (10\u00ba - 13\u00ba)","is_missing":null,"stats":[{"value":"6027","type":"freq","wgtd":null}]},{"value":"6","labl":"6 \u00bb T\u00e9cnico sin t\u00edtulo","is_missing":null,"stats":[{"value":"125","type":"freq","wgtd":null}]},{"value":"7","labl":"7 \u00bb T\u00e9cnico con t\u00edtulo","is_missing":null,"stats":[{"value":"1475","type":"freq","wgtd":null}]},{"value":"8","labl":"8 \u00bb Tecnol\u00f3gico sin t\u00edtulo","is_missing":null,"stats":[{"value":"51","type":"freq","wgtd":null}]},{"value":"9","labl":"9 \u00bb Tecnol\u00f3gico con t\u00edtulo","is_missing":null,"stats":[{"value":"550","type":"freq","wgtd":null}]}],"var_codinstr":null,"var_concept":[],"var_format":{"type":"character","schema":"other","category":null,"name":null},"var_notes":null,"var_val_range":{"min":null,"max":null},"fid":"F62","sid":"814","survey_idno":"DANE-DIMPE-ELCO-2019"}