{"file_id":"F62","vid":"V3314","name":"P1158","var_intrvl":"discrete","var_dcml":null,"var_wgt":null,"var_is_wgt":null,"loc_start_pos":"164","loc_end_pos":"164","loc_width":"1","loc_rec_seg_no":"1","labl":"7. \u00bfEn qu\u00e9 nivel est\u00e1 matriculado ... y qu\u00e9 grado o a\u00f1o cursa?","var_imputation":null,"var_security":null,"var_resp_unit":null,"var_analysis_unit":null,"var_qstn_preqtxt":null,"var_qstn_qstnlit":"7. \u00bfEn qu\u00e9 nivel est\u00e1 matriculado ... y qu\u00e9 grado o a\u00f1o cursa?\n\n1.\tPreescolar\n2.\tB\u00e1sica primaria (1\u00b0 - 5\u00b0)\n3.\tB\u00e1sica secundaria (6\u00ba - 9\u00ba)\n4.\tMedia (10\u00ba - 13\u00ba)\n5.\tT\u00e9cnico \n6.\tTecnol\u00f3gico\n7.\tUniversitario\n8.\tPostgrado","var_qstn_postqtxt":null,"var_qstn_ivuinstr":null,"var_universe":"El universo para la Encuesta Longitudinal de Colombia (ELCO) est\u00e1 conformado por la poblaci\u00f3n civil no institucional residente en todo el territorio nacional, excluyendo San Andr\u00e9s, Providencia y los departamentos de Amazonas, Guain\u00eda y Vaup\u00e9s.","var_universe_clusion":"I","var_sumstat":[{"value":"11922","type":"vald","wgtd":null},{"value":"0","type":"invd","wgtd":null}],"var_txt":null,"var_catgry":[{"value":"1","labl":"Preescolar","is_missing":null,"stats":[{"value":"602","type":"freq","wgtd":null}]},{"value":"2","labl":"B\u00e1sica primaria (1\u00b0 - 5\u00b0)","is_missing":null,"stats":[{"value":"4322","type":"freq","wgtd":null}]},{"value":"3","labl":"B\u00e1sica secundaria (6\u00ba - 9\u00ba)","is_missing":null,"stats":[{"value":"4164","type":"freq","wgtd":null}]},{"value":"4","labl":"Media (10\u00ba - 13\u00ba)","is_missing":null,"stats":[{"value":"1509","type":"freq","wgtd":null}]},{"value":"5","labl":"T\u00e9cnico","is_missing":null,"stats":[{"value":"344","type":"freq","wgtd":null}]},{"value":"6","labl":"Tecnol\u00f3gico","is_missing":null,"stats":[{"value":"158","type":"freq","wgtd":null}]},{"value":"7","labl":"Universitario","is_missing":null,"stats":[{"value":"739","type":"freq","wgtd":null}]},{"value":"8","labl":"Postgrado","is_missing":null,"stats":[{"value":"84","type":"freq","wgtd":null}]}],"var_codinstr":null,"var_concept":[],"var_format":{"type":"character","schema":"other","category":null,"name":null},"var_notes":null,"var_val_range":{"min":null,"max":null},"fid":"F62","sid":"814","survey_idno":"DANE-DIMPE-ELCO-2019"}