{"file_id":"F62","vid":"V3355","name":"P781","var_intrvl":"discrete","var_dcml":null,"var_wgt":null,"var_is_wgt":null,"loc_start_pos":"249","loc_end_pos":"249","loc_width":"1","loc_rec_seg_no":"1","labl":"18. \u00bfCon qui\u00e9n permanece ... durante la mayor parte del tiempo entre semana o despu\u00e9s de asistir al establecimiento educativo?","var_imputation":null,"var_security":null,"var_resp_unit":null,"var_analysis_unit":null,"var_qstn_preqtxt":null,"var_qstn_qstnlit":"18. \u00bfCon qui\u00e9n permanece ... durante la mayor parte del tiempo entre semana o despu\u00e9s de asistir al establecimiento educativo?\n\n1.\tUna persona de este hogar\n2.\tUna persona de otro hogar\n3.\tUna instituci\u00f3n\n4.\tPermanece solo","var_qstn_postqtxt":null,"var_qstn_ivuinstr":null,"var_universe":"El universo para la Encuesta Longitudinal de Colombia (ELCO) est\u00e1 conformado por la poblaci\u00f3n civil no institucional residente en todo el territorio nacional, excluyendo San Andr\u00e9s, Providencia y los departamentos de Amazonas, Guain\u00eda y Vaup\u00e9s.","var_universe_clusion":"I","var_sumstat":[{"value":"10926","type":"vald","wgtd":null},{"value":"0","type":"invd","wgtd":null}],"var_txt":null,"var_catgry":[{"value":"1","labl":"Una persona de este hogar","is_missing":null,"stats":[{"value":"9859","type":"freq","wgtd":null}]},{"value":"2","labl":"Una persona de otro hogar","is_missing":null,"stats":[{"value":"596","type":"freq","wgtd":null}]},{"value":"3","labl":"Una instituci\u00f3n","is_missing":null,"stats":[{"value":"58","type":"freq","wgtd":null}]},{"value":"4","labl":"Permanece solo","is_missing":null,"stats":[{"value":"413","type":"freq","wgtd":null}]}],"var_codinstr":null,"var_concept":[],"var_format":{"type":"character","schema":"other","category":null,"name":null},"var_notes":null,"var_val_range":{"min":null,"max":null},"fid":"F62","sid":"814","survey_idno":"DANE-DIMPE-ELCO-2019"}