{"file_id":"F62","vid":"V3371","name":"P82","var_intrvl":"discrete","var_dcml":null,"var_wgt":null,"var_is_wgt":null,"loc_start_pos":"268","loc_end_pos":"268","loc_width":"1","loc_rec_seg_no":"1","labl":"23. En el \u00faltimo a\u00f1o (\u00faltimas 52 semanas), \u00bfha realizado o est\u00e1 realizando alg\u00fan curso de formaci\u00f3n para el trabajo?","var_imputation":null,"var_security":null,"var_resp_unit":null,"var_analysis_unit":null,"var_qstn_preqtxt":null,"var_qstn_qstnlit":"23. En el \u00faltimo a\u00f1o (\u00faltimas 52 semanas), \u00bfha realizado o est\u00e1 realizando alg\u00fan curso de formaci\u00f3n para el trabajo?\n\n1.\tS\u00ed\n2.\tNo","var_qstn_postqtxt":null,"var_qstn_ivuinstr":null,"var_universe":"El universo para la Encuesta Longitudinal de Colombia (ELCO) est\u00e1 conformado por la poblaci\u00f3n civil no institucional residente en todo el territorio nacional, excluyendo San Andr\u00e9s, Providencia y los departamentos de Amazonas, Guain\u00eda y Vaup\u00e9s.","var_universe_clusion":"I","var_sumstat":[{"value":"30959","type":"vald","wgtd":null},{"value":"0","type":"invd","wgtd":null}],"var_txt":null,"var_catgry":[{"value":"1","labl":"S\u00ed","is_missing":null,"stats":[{"value":"925","type":"freq","wgtd":null}]},{"value":"2","labl":"No","is_missing":null,"stats":[{"value":"30034","type":"freq","wgtd":null}]}],"var_codinstr":null,"var_concept":[],"var_format":{"type":"character","schema":"other","category":null,"name":null},"var_notes":null,"var_val_range":{"min":null,"max":null},"fid":"F62","sid":"814","survey_idno":"DANE-DIMPE-ELCO-2019"}