{"file_id":"F62","vid":"V3375","name":"P86","var_intrvl":"discrete","var_dcml":null,"var_wgt":null,"var_is_wgt":null,"loc_start_pos":"273","loc_end_pos":"274","loc_width":"2","loc_rec_seg_no":"1","labl":"26. \u00bfQu\u00e9 instituci\u00f3n imparte o imparti\u00f3 este curso de formaci\u00f3n para el trabajo?","var_imputation":null,"var_security":null,"var_resp_unit":null,"var_analysis_unit":null,"var_qstn_preqtxt":null,"var_qstn_qstnlit":"26. \u00bfQu\u00e9 instituci\u00f3n imparte o imparti\u00f3 este curso de formaci\u00f3n para el trabajo?\n\n1.\tEl SENA\n2.\tInstituci\u00f3n p\u00fablica de capacitaci\u00f3n diferente al SENA\n3.\tInstituci\u00f3n p\u00fablica de educaci\u00f3n b\u00e1sica o media\n4.\tInstituci\u00f3n p\u00fablica de educaci\u00f3n superior\n5.\tCaja de Compensaci\u00f3n Familiar\n6.\tInstituci\u00f3n privada de capacitaci\u00f3n\n7.\tInstituci\u00f3n privada de educaci\u00f3n b\u00e1sica o media\n8.\tInstituci\u00f3n privada de educaci\u00f3n superior\n9.\tLa empresa donde trabaja o trabaj\u00f3\n10.\tOtra empresa","var_qstn_postqtxt":null,"var_qstn_ivuinstr":null,"var_universe":"El universo para la Encuesta Longitudinal de Colombia (ELCO) est\u00e1 conformado por la poblaci\u00f3n civil no institucional residente en todo el territorio nacional, excluyendo San Andr\u00e9s, Providencia y los departamentos de Amazonas, Guain\u00eda y Vaup\u00e9s.","var_universe_clusion":"I","var_sumstat":[{"value":"925","type":"vald","wgtd":null},{"value":"0","type":"invd","wgtd":null}],"var_txt":null,"var_catgry":[{"value":"1","labl":"El SENA","is_missing":null,"stats":[{"value":"369","type":"freq","wgtd":null}]},{"value":"10","labl":"Otra empresa","is_missing":null,"stats":[{"value":"67","type":"freq","wgtd":null}]},{"value":"2","labl":"Instituci\u00f3n p\u00fablica de capacitaci\u00f3n diferente al SENA","is_missing":null,"stats":[{"value":"51","type":"freq","wgtd":null}]},{"value":"3","labl":"Instituci\u00f3n p\u00fablica de educaci\u00f3n b\u00e1sica o media","is_missing":null,"stats":[{"value":"29","type":"freq","wgtd":null}]},{"value":"4","labl":"Instituci\u00f3n p\u00fablica de educaci\u00f3n superior","is_missing":null,"stats":[{"value":"43","type":"freq","wgtd":null}]},{"value":"5","labl":"Caja de Compensaci\u00f3n Familiar","is_missing":null,"stats":[{"value":"34","type":"freq","wgtd":null}]},{"value":"6","labl":"Instituci\u00f3n privada de capacitaci\u00f3n","is_missing":null,"stats":[{"value":"195","type":"freq","wgtd":null}]},{"value":"7","labl":"Instituci\u00f3n privada de educaci\u00f3n b\u00e1sica o media","is_missing":null,"stats":[{"value":"9","type":"freq","wgtd":null}]},{"value":"8","labl":"Instituci\u00f3n privada de educaci\u00f3n superior","is_missing":null,"stats":[{"value":"33","type":"freq","wgtd":null}]},{"value":"9","labl":"La empresa donde trabaja o trabaj\u00f3","is_missing":null,"stats":[{"value":"95","type":"freq","wgtd":null}]}],"var_codinstr":null,"var_concept":[],"var_format":{"type":"character","schema":"other","category":null,"name":null},"var_notes":null,"var_val_range":{"min":null,"max":null},"fid":"F62","sid":"814","survey_idno":"DANE-DIMPE-ELCO-2019"}