{"file_id":"F63","vid":"V3401","name":"P2272","var_intrvl":"discrete","var_dcml":null,"var_wgt":null,"var_is_wgt":null,"loc_start_pos":"146","loc_end_pos":"146","loc_width":"1","loc_rec_seg_no":"1","labl":"2. \u00bfCu\u00e1l es la raz\u00f3n principal por la que ... no asiste a una guarder\u00eda, hogar comunitario, jard\u00edn o centro de desarrollo infantil?","var_imputation":null,"var_security":null,"var_resp_unit":null,"var_analysis_unit":null,"var_qstn_preqtxt":null,"var_qstn_qstnlit":"2. \u00bfCu\u00e1l es la raz\u00f3n principal por la que ... no asiste a una guarder\u00eda, hogar comunitario, jard\u00edn o centro de desarrollo infantil?\n\n1.\tNo hay una instituci\u00f3n cercana\n2.\tEs muy costoso\n3.\tNo encontr\u00f3 cupo\n4.\tConsidera que no est\u00e1 en edad de asistir o es reci\u00e9n nacido\n5.\tTiene quien lo cuide\n6.\tLa instituci\u00f3n no cuenta con el servicio de alimentaci\u00f3n (desayuno, almuerzo o refrigerio)\n7.\tNecesita atenci\u00f3n especial o est\u00e1 enfermo\n8.\tOtra \u00bfCu\u00e1l?","var_qstn_postqtxt":null,"var_qstn_ivuinstr":null,"var_universe":"El universo para la Encuesta Longitudinal de Colombia (ELCO) est\u00e1 conformado por la poblaci\u00f3n civil no institucional residente en todo el territorio nacional, excluyendo San Andr\u00e9s, Providencia y los departamentos de Amazonas, Guain\u00eda y Vaup\u00e9s.","var_universe_clusion":"I","var_sumstat":[{"value":"1162","type":"vald","wgtd":null},{"value":"0","type":"invd","wgtd":null}],"var_txt":null,"var_catgry":[{"value":"1","labl":"No hay una instituci\u00f3n cercana","is_missing":null,"stats":[{"value":"163","type":"freq","wgtd":null}]},{"value":"2","labl":"Es muy costoso","is_missing":null,"stats":[{"value":"14","type":"freq","wgtd":null}]},{"value":"3","labl":"No encontr\u00f3 cupo","is_missing":null,"stats":[{"value":"42","type":"freq","wgtd":null}]},{"value":"4","labl":"Considera que no est\u00e1 en edad de asistir o es reci\u00e9n nacido","is_missing":null,"stats":[{"value":"614","type":"freq","wgtd":null}]},{"value":"5","labl":"Tiene quien lo cuide","is_missing":null,"stats":[{"value":"268","type":"freq","wgtd":null}]},{"value":"6","labl":"La instituci\u00f3n no cuenta con el servicio de alimentaci\u00f3n (desayuno, almuerzo o refrigerio)","is_missing":null,"stats":[{"value":"1","type":"freq","wgtd":null}]},{"value":"7","labl":"Necesita atenci\u00f3n especial o est\u00e1 enfermo","is_missing":null,"stats":[{"value":"16","type":"freq","wgtd":null}]},{"value":"8","labl":"Otra \u00bfCu\u00e1l?","is_missing":null,"stats":[{"value":"44","type":"freq","wgtd":null}]}],"var_codinstr":null,"var_concept":[],"var_format":{"type":"character","schema":"other","category":null,"name":null},"var_notes":null,"var_val_range":{"min":null,"max":null},"fid":"F63","sid":"814","survey_idno":"DANE-DIMPE-ELCO-2019"}