{"file_id":"F63","vid":"V3402","name":"P2273","var_intrvl":"discrete","var_dcml":null,"var_wgt":null,"var_is_wgt":null,"loc_start_pos":"147","loc_end_pos":"147","loc_width":"1","loc_rec_seg_no":"1","labl":"3. \u00bfA qu\u00e9 tipo de establecimiento (hogar comunitario, guarder\u00eda, jard\u00edn o centro de desarrollo) asiste?","var_imputation":null,"var_security":null,"var_resp_unit":null,"var_analysis_unit":null,"var_qstn_preqtxt":null,"var_qstn_qstnlit":"3. \u00bfA qu\u00e9 tipo de establecimiento (hogar comunitario, guarder\u00eda, jard\u00edn o centro de desarrollo) asiste?\n\n1.\tHogar comunitario de Bienestar Familiar\n2.\tHogar infantil o jard\u00edn de Bienestar Familiar\n3.\tCentro de Desarrollo Infantil \/ Jard\u00edn social del ICBF\n4.\tJard\u00edn oficial\n5.\tGuarder\u00eda o jard\u00edn privado\n6.\tModalidad o \u00e1mbito familiar\n7.\tOtro, \u00bfcu\u00e1l?","var_qstn_postqtxt":null,"var_qstn_ivuinstr":null,"var_universe":"El universo para la Encuesta Longitudinal de Colombia (ELCO) est\u00e1 conformado por la poblaci\u00f3n civil no institucional residente en todo el territorio nacional, excluyendo San Andr\u00e9s, Providencia y los departamentos de Amazonas, Guain\u00eda y Vaup\u00e9s.","var_universe_clusion":"I","var_sumstat":[{"value":"1080","type":"vald","wgtd":null},{"value":"0","type":"invd","wgtd":null}],"var_txt":null,"var_catgry":[{"value":"1","labl":"Hogar comunitario de Bienestar Familiar","is_missing":null,"stats":[{"value":"23","type":"freq","wgtd":null}]},{"value":"2","labl":"Hogar infantil o jard\u00edn de Bienestar Familiar","is_missing":null,"stats":[{"value":"375","type":"freq","wgtd":null}]},{"value":"3","labl":"Centro de Desarrollo Infantil \/ Jard\u00edn social del ICBF","is_missing":null,"stats":[{"value":"203","type":"freq","wgtd":null}]},{"value":"4","labl":"Jard\u00edn oficial","is_missing":null,"stats":[{"value":"185","type":"freq","wgtd":null}]},{"value":"5","labl":"Guarder\u00eda o jard\u00edn privado","is_missing":null,"stats":[{"value":"176","type":"freq","wgtd":null}]},{"value":"6","labl":"Modalidad o \u00e1mbito familiar","is_missing":null,"stats":[{"value":"29","type":"freq","wgtd":null}]},{"value":"7","labl":"Otro, \u00bfcu\u00e1l?","is_missing":null,"stats":[{"value":"89","type":"freq","wgtd":null}]}],"var_codinstr":null,"var_concept":[],"var_format":{"type":"character","schema":"other","category":null,"name":null},"var_notes":null,"var_val_range":{"min":null,"max":null},"fid":"F63","sid":"814","survey_idno":"DANE-DIMPE-ELCO-2019"}