{"file_id":"F63","vid":"V3404","name":"P2275","var_intrvl":"discrete","var_dcml":null,"var_wgt":null,"var_is_wgt":null,"loc_start_pos":"150","loc_end_pos":"150","loc_width":"1","loc_rec_seg_no":"1","labl":"5. En total, \u00bfcu\u00e1nto pagan mensualmente por el cuidado de ... en el hogar comunitario, guarder\u00eda, preescolar o establecimiento?","var_imputation":null,"var_security":null,"var_resp_unit":null,"var_analysis_unit":null,"var_qstn_preqtxt":null,"var_qstn_qstnlit":"5. En total, \u00bfcu\u00e1nto pagan mensualmente por el cuidado de ... en el hogar comunitario, guarder\u00eda, preescolar o establecimiento?\n\n1.\t$25.000 o menos\n2.\tEntre $25.001 y $50.000\n3.\tEntre $50.001 y $100.000\n4.\tEntre $100.001 y $150.000\n5.\tEntre $150.001 y $200.000\n6.\tM\u00e1s de $200.000\n7.\tNo paga","var_qstn_postqtxt":null,"var_qstn_ivuinstr":null,"var_universe":"El universo para la Encuesta Longitudinal de Colombia (ELCO) est\u00e1 conformado por la poblaci\u00f3n civil no institucional residente en todo el territorio nacional, excluyendo San Andr\u00e9s, Providencia y los departamentos de Amazonas, Guain\u00eda y Vaup\u00e9s.","var_universe_clusion":"I","var_sumstat":[{"value":"1080","type":"vald","wgtd":null},{"value":"0","type":"invd","wgtd":null}],"var_txt":null,"var_catgry":[{"value":"1","labl":"$25.000 o menos","is_missing":null,"stats":[{"value":"103","type":"freq","wgtd":null}]},{"value":"2","labl":"Entre $25.001 y $50.000","is_missing":null,"stats":[{"value":"81","type":"freq","wgtd":null}]},{"value":"3","labl":"Entre $50.001 y $100.000","is_missing":null,"stats":[{"value":"81","type":"freq","wgtd":null}]},{"value":"4","labl":"Entre $100.001 y $150.000","is_missing":null,"stats":[{"value":"37","type":"freq","wgtd":null}]},{"value":"5","labl":"Entre $150.001 y $200.000","is_missing":null,"stats":[{"value":"38","type":"freq","wgtd":null}]},{"value":"6","labl":"M\u00e1s de $200.000","is_missing":null,"stats":[{"value":"35","type":"freq","wgtd":null}]},{"value":"7","labl":"No paga","is_missing":null,"stats":[{"value":"705","type":"freq","wgtd":null}]}],"var_codinstr":null,"var_concept":[],"var_format":{"type":"character","schema":"other","category":null,"name":null},"var_notes":null,"var_val_range":{"min":null,"max":null},"fid":"F63","sid":"814","survey_idno":"DANE-DIMPE-ELCO-2019"}