{"file_id":"F63","vid":"V3415","name":"P2278","var_intrvl":"discrete","var_dcml":null,"var_wgt":null,"var_is_wgt":null,"loc_start_pos":"181","loc_end_pos":"182","loc_width":"2","loc_rec_seg_no":"1","labl":"11. \u00bfQui\u00e9n cuida a ...?","var_imputation":null,"var_security":null,"var_resp_unit":null,"var_analysis_unit":null,"var_qstn_preqtxt":null,"var_qstn_qstnlit":"11. \u00bfQui\u00e9n cuida a ...?\n\n1.\tSu padre\n2.\tSu madre\n3.\tSu abuelo(a)\n4.\tSu t\u00edo(a)\n5.\tSu hermano(a)\n6.\tSu primo(a)\n7.\tOtro pariente\n8.\tUn(a) vecino(a)\n9.\tUna ni\u00f1era\n10.\tUn(a) empleado(a) dom\u00e9stico(a)\n99.\tOtro no pariente","var_qstn_postqtxt":null,"var_qstn_ivuinstr":null,"var_universe":"El universo para la Encuesta Longitudinal de Colombia (ELCO) est\u00e1 conformado por la poblaci\u00f3n civil no institucional residente en todo el territorio nacional, excluyendo San Andr\u00e9s, Providencia y los departamentos de Amazonas, Guain\u00eda y Vaup\u00e9s.","var_universe_clusion":"I","var_sumstat":[{"value":"200","type":"vald","wgtd":null},{"value":"0","type":"invd","wgtd":null}],"var_txt":null,"var_catgry":[{"value":"1","labl":"Su padre","is_missing":null,"stats":[{"value":"4","type":"freq","wgtd":null}]},{"value":"10","labl":"Un(a) empleado(a) dom\u00e9stico(a)","is_missing":null,"stats":[{"value":"7","type":"freq","wgtd":null}]},{"value":"2","labl":"Su madre","is_missing":null,"stats":[{"value":"16","type":"freq","wgtd":null}]},{"value":"3","labl":"Su abuelo(a)","is_missing":null,"stats":[{"value":"116","type":"freq","wgtd":null}]},{"value":"4","labl":"Su t\u00edo(a)","is_missing":null,"stats":[{"value":"16","type":"freq","wgtd":null}]},{"value":"5","labl":"Su hermano(a)","is_missing":null,"stats":[{"value":"3","type":"freq","wgtd":null}]},{"value":"6","labl":"Su primo(a)","is_missing":null,"stats":[{"value":"1","type":"freq","wgtd":null}]},{"value":"7","labl":"Otro pariente","is_missing":null,"stats":[{"value":"12","type":"freq","wgtd":null}]},{"value":"8","labl":"Un(a) vecino(a)","is_missing":null,"stats":[{"value":"1","type":"freq","wgtd":null}]},{"value":"9","labl":"Una ni\u00f1era","is_missing":null,"stats":[{"value":"15","type":"freq","wgtd":null}]},{"value":"99","labl":"Otro no pariente","is_missing":null,"stats":[{"value":"9","type":"freq","wgtd":null}]}],"var_codinstr":null,"var_concept":[],"var_format":{"type":"character","schema":"other","category":null,"name":null},"var_notes":null,"var_val_range":{"min":null,"max":null},"fid":"F63","sid":"814","survey_idno":"DANE-DIMPE-ELCO-2019"}