{"file_id":"F63","vid":"V3451","name":"P2287","var_intrvl":"discrete","var_dcml":null,"var_wgt":null,"var_is_wgt":null,"loc_start_pos":"221","loc_end_pos":"221","loc_width":"1","loc_rec_seg_no":"1","labl":"20. \u00bfCu\u00e1l fue la principal raz\u00f3n para no llevar a ... a un control de crecimiento y desarrollo?","var_imputation":null,"var_security":null,"var_resp_unit":null,"var_analysis_unit":null,"var_qstn_preqtxt":null,"var_qstn_qstnlit":"20. \u00bfCu\u00e1l fue la principal raz\u00f3n para no llevar a ... a un control de crecimiento y desarrollo?\n\n1.\tNo pens\u00f3 que fuera necesario llevarlo(a) a consulta\n2.\tLa consulta es muy cara, no tiene plata\n3.\tEl lugar donde lo atienden queda muy lejos \/ no hay servicio cerca\n4.\tNo pudo dejar el trabajo\/no tuvo tiempo\n5.\tNo est\u00e1 afiliado a EPS o a r\u00e9gimen subsidiado\n6.\tNo consigui\u00f3 cita cercana en el tiempo o lo atienden muy mal\n7.\tLos tr\u00e1mites en la EPS\/IPS son muy complicados\n8.\tConsidera que no est\u00e1 en edad o es reci\u00e9n nacido\n9.\tOtra, \u00bfcu\u00e1l?","var_qstn_postqtxt":null,"var_qstn_ivuinstr":null,"var_universe":"El universo para la Encuesta Longitudinal de Colombia (ELCO) est\u00e1 conformado por la poblaci\u00f3n civil no institucional residente en todo el territorio nacional, excluyendo San Andr\u00e9s, Providencia y los departamentos de Amazonas, Guain\u00eda y Vaup\u00e9s.","var_universe_clusion":"I","var_sumstat":[{"value":"195","type":"vald","wgtd":null},{"value":"0","type":"invd","wgtd":null}],"var_txt":null,"var_catgry":[{"value":"1","labl":"No pens\u00f3 que fuera necesario llevarlo(a) a consulta","is_missing":null,"stats":[{"value":"44","type":"freq","wgtd":null}]},{"value":"2","labl":"La consulta es muy cara, no tiene plata","is_missing":null,"stats":[{"value":"1","type":"freq","wgtd":null}]},{"value":"3","labl":"El lugar donde lo atienden queda muy lejos \/ no hay servicio cerca","is_missing":null,"stats":[{"value":"53","type":"freq","wgtd":null}]},{"value":"4","labl":"No pudo dejar el trabajo\/no tuvo tiempo","is_missing":null,"stats":[{"value":"13","type":"freq","wgtd":null}]},{"value":"5","labl":"No est\u00e1 afiliado a EPS o a r\u00e9gimen subsidiado","is_missing":null,"stats":[{"value":"21","type":"freq","wgtd":null}]},{"value":"6","labl":"No consigui\u00f3 cita cercana en el tiempo o lo atienden muy mal","is_missing":null,"stats":[{"value":"8","type":"freq","wgtd":null}]},{"value":"7","labl":"Los tr\u00e1mites en la EPS\/IPS son muy complicados","is_missing":null,"stats":[{"value":"3","type":"freq","wgtd":null}]},{"value":"8","labl":"Considera que no est\u00e1 en edad o es reci\u00e9n nacido","is_missing":null,"stats":[{"value":"43","type":"freq","wgtd":null}]},{"value":"9","labl":"Otra, \u00bfcu\u00e1l?","is_missing":null,"stats":[{"value":"9","type":"freq","wgtd":null}]}],"var_codinstr":null,"var_concept":[],"var_format":{"type":"character","schema":"other","category":null,"name":null},"var_notes":null,"var_val_range":{"min":null,"max":null},"fid":"F63","sid":"814","survey_idno":"DANE-DIMPE-ELCO-2019"}