{"file_id":"F63","vid":"V3459","name":"P2291","var_intrvl":"discrete","var_dcml":null,"var_wgt":null,"var_is_wgt":null,"loc_start_pos":"235","loc_end_pos":"235","loc_width":"1","loc_rec_seg_no":"1","labl":"24. \u00bfHasta los cu\u00e1ntos meses le dieron EXCLUSIVAMENTE leche materna? (solo pecho, sin darle agua, ni otros l\u00edquidos)","var_imputation":null,"var_security":null,"var_resp_unit":null,"var_analysis_unit":null,"var_qstn_preqtxt":null,"var_qstn_qstnlit":"24. \u00bfHasta los cu\u00e1ntos meses le dieron EXCLUSIVAMENTE leche materna? (solo pecho, sin darle agua, ni otros l\u00edquidos)\n\n1.\tMeses \n2.\tD\u00edas\n9.\tNo sabe","var_qstn_postqtxt":null,"var_qstn_ivuinstr":null,"var_universe":"El universo para la Encuesta Longitudinal de Colombia (ELCO) est\u00e1 conformado por la poblaci\u00f3n civil no institucional residente en todo el territorio nacional, excluyendo San Andr\u00e9s, Providencia y los departamentos de Amazonas, Guain\u00eda y Vaup\u00e9s.","var_universe_clusion":"I","var_sumstat":[{"value":"1981","type":"vald","wgtd":null},{"value":"0","type":"invd","wgtd":null}],"var_txt":null,"var_catgry":[{"value":"1","labl":"Meses","is_missing":null,"stats":[{"value":"1573","type":"freq","wgtd":null}]},{"value":"2","labl":"D\u00edas","is_missing":null,"stats":[{"value":"408","type":"freq","wgtd":null}]},{"value":"9","labl":"No sabe","is_missing":null,"stats":[{"value":"0","type":"freq","wgtd":null}]}],"var_codinstr":null,"var_concept":[],"var_format":{"type":"character","schema":"other","category":null,"name":null},"var_notes":null,"var_val_range":{"min":null,"max":null},"fid":"F63","sid":"814","survey_idno":"DANE-DIMPE-ELCO-2019"}