{"file_id":"F63","vid":"V3506","name":"P2303","var_intrvl":"discrete","var_dcml":null,"var_wgt":null,"var_is_wgt":null,"loc_start_pos":"291","loc_end_pos":"292","loc_width":"2","loc_rec_seg_no":"1","labl":"36. \u00bfCu\u00e1ntas horas de la semana pasada trabaj\u00f3, colabor\u00f3 o ayud\u00f3 ... en esa labor?","var_imputation":null,"var_security":null,"var_resp_unit":null,"var_analysis_unit":null,"var_qstn_preqtxt":null,"var_qstn_qstnlit":"36. \u00bfCu\u00e1ntas horas de la semana pasada trabaj\u00f3, colabor\u00f3 o ayud\u00f3 ... en esa labor?","var_qstn_postqtxt":null,"var_qstn_ivuinstr":null,"var_universe":"El universo para la Encuesta Longitudinal de Colombia (ELCO) est\u00e1 conformado por la poblaci\u00f3n civil no institucional residente en todo el territorio nacional, excluyendo San Andr\u00e9s, Providencia y los departamentos de Amazonas, Guain\u00eda y Vaup\u00e9s.","var_universe_clusion":"I","var_sumstat":[{"value":"41","type":"vald","wgtd":null},{"value":"0","type":"invd","wgtd":null}],"var_txt":null,"var_catgry":[{"value":"1","labl":null,"is_missing":null,"stats":[{"value":"23","type":"freq","wgtd":null}]},{"value":"12","labl":null,"is_missing":null,"stats":[{"value":"2","type":"freq","wgtd":null}]},{"value":"2","labl":null,"is_missing":null,"stats":[{"value":"7","type":"freq","wgtd":null}]},{"value":"3","labl":null,"is_missing":null,"stats":[{"value":"4","type":"freq","wgtd":null}]},{"value":"5","labl":null,"is_missing":null,"stats":[{"value":"2","type":"freq","wgtd":null}]},{"value":"6","labl":null,"is_missing":null,"stats":[{"value":"2","type":"freq","wgtd":null}]},{"value":"7","labl":null,"is_missing":null,"stats":[{"value":"1","type":"freq","wgtd":null}]}],"var_codinstr":null,"var_concept":[],"var_format":{"type":"character","schema":"other","category":null,"name":null},"var_notes":null,"var_val_range":{"min":null,"max":null},"fid":"F63","sid":"814","survey_idno":"DANE-DIMPE-ELCO-2019"}