{"file_id":"F64","vid":"V3529","name":"P2307S3","var_intrvl":"discrete","var_dcml":null,"var_wgt":null,"var_is_wgt":null,"loc_start_pos":"147","loc_end_pos":"147","loc_width":"1","loc_rec_seg_no":"1","labl":"Una organizaci\u00f3n juvenil afiliada a un sindicato o partido pol\u00edtico","var_imputation":null,"var_security":null,"var_resp_unit":null,"var_analysis_unit":null,"var_qstn_preqtxt":null,"var_qstn_qstnlit":"1. \u00bfAlguna vez ha participado en actividades de alguna de las siguientes organizaciones, clubes o grupos:\n\nUna organizaci\u00f3n juvenil afiliada a un sindicato o partido pol\u00edtico\n\n1.\tS\u00ed, he participado en los \u00faltimos 12 meses\n2.\tS\u00ed, participe hace m\u00e1s de un a\u00f1o\n3.\tNo, nunca he participado","var_qstn_postqtxt":null,"var_qstn_ivuinstr":null,"var_universe":"El universo para la Encuesta Longitudinal de Colombia (ELCO) est\u00e1 conformado por la poblaci\u00f3n civil no institucional residente en todo el territorio nacional, excluyendo San Andr\u00e9s, Providencia y los departamentos de Amazonas, Guain\u00eda y Vaup\u00e9s.","var_universe_clusion":"I","var_sumstat":[{"value":"8571","type":"vald","wgtd":null},{"value":"0","type":"invd","wgtd":null}],"var_txt":null,"var_catgry":[{"value":"1","labl":"S\u00ed, he participado en los \u00faltimos 12 meses","is_missing":null,"stats":[{"value":"59","type":"freq","wgtd":null}]},{"value":"2","labl":"S\u00ed, participe hace m\u00e1s de un a\u00f1o","is_missing":null,"stats":[{"value":"45","type":"freq","wgtd":null}]},{"value":"3","labl":"No, nunca he participado","is_missing":null,"stats":[{"value":"8467","type":"freq","wgtd":null}]}],"var_codinstr":null,"var_concept":[],"var_format":{"type":"character","schema":"other","category":null,"name":null},"var_notes":null,"var_val_range":{"min":null,"max":null},"fid":"F64","sid":"814","survey_idno":"DANE-DIMPE-ELCO-2019"}