{"file_id":"F64","vid":"V3582","name":"P2317","var_intrvl":"discrete","var_dcml":"0","var_wgt":null,"var_is_wgt":null,"loc_start_pos":"222","loc_end_pos":"222","loc_width":"1","loc_rec_seg_no":"1","labl":"11. \u00bfCu\u00e1ntos a\u00f1os CREE que va a vivir?","var_imputation":null,"var_security":null,"var_resp_unit":null,"var_analysis_unit":null,"var_qstn_preqtxt":null,"var_qstn_qstnlit":"11. \u00bfCu\u00e1ntos a\u00f1os CREE que va a vivir?\n\n1.\tA\u00f1os\n9.\tNo sabe","var_qstn_postqtxt":null,"var_qstn_ivuinstr":null,"var_universe":"El universo para la Encuesta Longitudinal de Colombia (ELCO) est\u00e1 conformado por la poblaci\u00f3n civil no institucional residente en todo el territorio nacional, excluyendo San Andr\u00e9s, Providencia y los departamentos de Amazonas, Guain\u00eda y Vaup\u00e9s.","var_universe_clusion":"I","var_sumstat":[{"value":"11129","type":"vald","wgtd":null},{"value":"0","type":"invd","wgtd":null},{"value":"1","type":"min","wgtd":null},{"value":"9","type":"max","wgtd":null},{"value":"5.075","type":"mean","wgtd":null},{"value":"3.999","type":"stdev","wgtd":null}],"var_txt":null,"var_catgry":[{"value":"1","labl":"A\u00f1os","is_missing":null,"stats":[{"value":"5460","type":"freq","wgtd":null}]},{"value":"9","labl":"No sabe","is_missing":null,"stats":[{"value":"5669","type":"freq","wgtd":null}]}],"var_codinstr":null,"var_concept":[],"var_format":{"type":"numeric","schema":"other","category":null,"name":null},"var_notes":null,"var_val_range":{"min":"1","max":"9"},"fid":"F64","sid":"814","survey_idno":"DANE-DIMPE-ELCO-2019"}