{"file_id":"F65","vid":"V3605","name":"P6110","var_intrvl":"discrete","var_dcml":null,"var_wgt":null,"var_is_wgt":null,"loc_start_pos":"148","loc_end_pos":"148","loc_width":"1","loc_rec_seg_no":"1","labl":"4. \u00bfQui\u00e9n paga mensualmente por la afiliaci\u00f3n de ...:","var_imputation":null,"var_security":null,"var_resp_unit":null,"var_analysis_unit":null,"var_qstn_preqtxt":null,"var_qstn_qstnlit":"4. \u00bfQui\u00e9n paga mensualmente por la afiliaci\u00f3n de ...:\n\n1.\tPaga una parte y la otra la empresa o patr\u00f3n (le descuentan de su salario)\n2.\tLe descuentan de la pensi\u00f3n\n3.\tPaga la totalidad de la afiliaci\u00f3n\n4.\tLa empresa o patr\u00f3n donde trabaja paga la totalidad de la afiliaci\u00f3n\n5.\tNo paga, es beneficiario                \n9.\tNo responde","var_qstn_postqtxt":null,"var_qstn_ivuinstr":null,"var_universe":"El universo para la Encuesta Longitudinal de Colombia (ELCO) est\u00e1 conformado por la poblaci\u00f3n civil no institucional residente en todo el territorio nacional, excluyendo San Andr\u00e9s, Providencia y los departamentos de Amazonas, Guain\u00eda y Vaup\u00e9s.","var_universe_clusion":"I","var_sumstat":[{"value":"14643","type":"vald","wgtd":null},{"value":"0","type":"invd","wgtd":null}],"var_txt":null,"var_catgry":[{"value":"1","labl":"Paga una parte y la otra la empresa o patr\u00f3n (le descuentan de su salario)","is_missing":null,"stats":[{"value":"3821","type":"freq","wgtd":null}]},{"value":"2","labl":"Le descuentan de la pensi\u00f3n","is_missing":null,"stats":[{"value":"1398","type":"freq","wgtd":null}]},{"value":"3","labl":"Paga la totalidad de la afiliaci\u00f3n","is_missing":null,"stats":[{"value":"1647","type":"freq","wgtd":null}]},{"value":"4","labl":"La empresa o patr\u00f3n donde trabaja paga la totalidad de la afiliaci\u00f3n","is_missing":null,"stats":[{"value":"496","type":"freq","wgtd":null}]},{"value":"5","labl":"No paga, es beneficiario","is_missing":null,"stats":[{"value":"7019","type":"freq","wgtd":null}]},{"value":"9","labl":"No responde","is_missing":null,"stats":[{"value":"262","type":"freq","wgtd":null}]}],"var_codinstr":null,"var_concept":[],"var_format":{"type":"character","schema":"other","category":null,"name":null},"var_notes":null,"var_val_range":{"min":null,"max":null},"fid":"F65","sid":"814","survey_idno":"DANE-DIMPE-ELCO-2019"}