{"file_id":"F65","vid":"V3636","name":"P2333S2","var_intrvl":"discrete","var_dcml":null,"var_wgt":null,"var_is_wgt":null,"loc_start_pos":"269","loc_end_pos":"269","loc_width":"1","loc_rec_seg_no":"1","labl":"\u00bfCu\u00e1l es la principal raz\u00f3n, por la qu\u00e9 no se encuentra en tratamiento?","var_imputation":null,"var_security":null,"var_resp_unit":null,"var_analysis_unit":null,"var_qstn_preqtxt":null,"var_qstn_qstnlit":"\u00bfCu\u00e1l es la principal raz\u00f3n, por la qu\u00e9 no se encuentra en tratamiento?\n\n1.\tNo lo considera necesario\n2.\tNo lo cubre el POS\n3.\tNo conf\u00eda en el sistema de salud\n4.\tNo ha sentido mejor\u00eda con los tratamientos recibidos en el pasado\n5.\tPor falta de dinero\n6.\tOtra raz\u00f3n\n9.\tNo sabe \/ No responde","var_qstn_postqtxt":null,"var_qstn_ivuinstr":null,"var_universe":"El universo para la Encuesta Longitudinal de Colombia (ELCO) est\u00e1 conformado por la poblaci\u00f3n civil no institucional residente en todo el territorio nacional, excluyendo San Andr\u00e9s, Providencia y los departamentos de Amazonas, Guain\u00eda y Vaup\u00e9s.","var_universe_clusion":"I","var_sumstat":[{"value":"170","type":"vald","wgtd":null},{"value":"0","type":"invd","wgtd":null}],"var_txt":null,"var_catgry":[{"value":"1","labl":"No lo considera necesario","is_missing":null,"stats":[{"value":"54","type":"freq","wgtd":null}]},{"value":"2","labl":"No lo cubre el POS","is_missing":null,"stats":[{"value":"6","type":"freq","wgtd":null}]},{"value":"3","labl":"No conf\u00eda en el sistema de salud","is_missing":null,"stats":[{"value":"2","type":"freq","wgtd":null}]},{"value":"4","labl":"No ha sentido mejor\u00eda con los tratamientos recibidos en el pasado","is_missing":null,"stats":[{"value":"16","type":"freq","wgtd":null}]},{"value":"5","labl":"Por falta de dinero","is_missing":null,"stats":[{"value":"37","type":"freq","wgtd":null}]},{"value":"6","labl":"Otra raz\u00f3n","is_missing":null,"stats":[{"value":"38","type":"freq","wgtd":null}]},{"value":"9","labl":"No sabe \/ No responde","is_missing":null,"stats":[{"value":"17","type":"freq","wgtd":null}]}],"var_codinstr":null,"var_concept":[],"var_format":{"type":"character","schema":"other","category":null,"name":null},"var_notes":null,"var_val_range":{"min":null,"max":null},"fid":"F65","sid":"814","survey_idno":"DANE-DIMPE-ELCO-2019"}