{"file_id":"F65","vid":"V3716","name":"P1908S3","var_intrvl":"discrete","var_dcml":null,"var_wgt":null,"var_is_wgt":null,"loc_start_pos":"393","loc_end_pos":"393","loc_width":"1","loc_rec_seg_no":"1","labl":"\u00bfEsta dificultad de ... fue ocasionada:","var_imputation":null,"var_security":null,"var_resp_unit":null,"var_analysis_unit":null,"var_qstn_preqtxt":null,"var_qstn_qstnlit":"\u00bfEsta dificultad de ... fue ocasionada:\n\n1.\tPorque naci\u00f3 as\u00ed\n2.\tPor enfermedad\n3.\tPor accidente laboral o enfermedad profesional\n4.\tPor otro tipo de accidente\n5.\tPor edad avanzada\n6.\tPor el conflicto armado\n7.\tPor violencia NO asociada al conflicto armado\n8.\tPor otra causa\n9.\tno sabe","var_qstn_postqtxt":null,"var_qstn_ivuinstr":null,"var_universe":"El universo para la Encuesta Longitudinal de Colombia (ELCO) est\u00e1 conformado por la poblaci\u00f3n civil no institucional residente en todo el territorio nacional, excluyendo San Andr\u00e9s, Providencia y los departamentos de Amazonas, Guain\u00eda y Vaup\u00e9s.","var_universe_clusion":"I","var_sumstat":[{"value":"2206","type":"vald","wgtd":null},{"value":"0","type":"invd","wgtd":null}],"var_txt":null,"var_catgry":[{"value":"1","labl":"Porque naci\u00f3 as\u00ed","is_missing":null,"stats":[{"value":"174","type":"freq","wgtd":null}]},{"value":"2","labl":"Por enfermedad","is_missing":null,"stats":[{"value":"968","type":"freq","wgtd":null}]},{"value":"3","labl":"Por accidente laboral o enfermedad profesional","is_missing":null,"stats":[{"value":"41","type":"freq","wgtd":null}]},{"value":"4","labl":"Por otro tipo de accidente","is_missing":null,"stats":[{"value":"42","type":"freq","wgtd":null}]},{"value":"5","labl":"Por edad avanzada","is_missing":null,"stats":[{"value":"782","type":"freq","wgtd":null}]},{"value":"6","labl":"Por el conflicto armado","is_missing":null,"stats":[{"value":"1","type":"freq","wgtd":null}]},{"value":"7","labl":"Por violencia NO asociada al conflicto armado","is_missing":null,"stats":[{"value":"2","type":"freq","wgtd":null}]},{"value":"8","labl":"Por otra causa","is_missing":null,"stats":[{"value":"100","type":"freq","wgtd":null}]},{"value":"9","labl":"no sabe","is_missing":null,"stats":[{"value":"96","type":"freq","wgtd":null}]}],"var_codinstr":null,"var_concept":[],"var_format":{"type":"character","schema":"other","category":null,"name":null},"var_notes":null,"var_val_range":{"min":null,"max":null},"fid":"F65","sid":"814","survey_idno":"DANE-DIMPE-ELCO-2019"}