{"file_id":"F65","vid":"V3721","name":"P1906S4","var_intrvl":"discrete","var_dcml":null,"var_wgt":null,"var_is_wgt":null,"loc_start_pos":"398","loc_end_pos":"398","loc_width":"1","loc_rec_seg_no":"1","labl":"Dada su condici\u00f3n f\u00edsica y mental, y sin ning\u00fan tipo de ayuda, \u00bf... puede:\nmover el cuerpo, caminar o subir y bajar escaleras?","var_imputation":null,"var_security":null,"var_resp_unit":null,"var_analysis_unit":null,"var_qstn_preqtxt":null,"var_qstn_qstnlit":"Dada su condici\u00f3n f\u00edsica y mental, y sin ning\u00fan tipo de ayuda, \u00bf... puede:\nmover el cuerpo, caminar o subir y bajar escaleras?\n\n1.\tNo puede hacerlo\n2.\tS\u00ed, con mucha dificultad\n3.\tS\u00ed, con alguna dificultad\n4.\tSin dificultad","var_qstn_postqtxt":null,"var_qstn_ivuinstr":null,"var_universe":"El universo para la Encuesta Longitudinal de Colombia (ELCO) est\u00e1 conformado por la poblaci\u00f3n civil no institucional residente en todo el territorio nacional, excluyendo San Andr\u00e9s, Providencia y los departamentos de Amazonas, Guain\u00eda y Vaup\u00e9s.","var_universe_clusion":"I","var_sumstat":[{"value":"40770","type":"vald","wgtd":null},{"value":"0","type":"invd","wgtd":null}],"var_txt":null,"var_catgry":[{"value":"1","labl":"No puede hacerlo","is_missing":null,"stats":[{"value":"147","type":"freq","wgtd":null}]},{"value":"2","labl":"S\u00ed, con mucha dificultad","is_missing":null,"stats":[{"value":"660","type":"freq","wgtd":null}]},{"value":"3","labl":"S\u00ed, con alguna dificultad","is_missing":null,"stats":[{"value":"2267","type":"freq","wgtd":null}]},{"value":"4","labl":"Sin dificultad","is_missing":null,"stats":[{"value":"37696","type":"freq","wgtd":null}]}],"var_codinstr":null,"var_concept":[],"var_format":{"type":"character","schema":"other","category":null,"name":null},"var_notes":null,"var_val_range":{"min":null,"max":null},"fid":"F65","sid":"814","survey_idno":"DANE-DIMPE-ELCO-2019"}