{"file_id":"F65","vid":"V3777","name":"P2345","var_intrvl":"discrete","var_dcml":null,"var_wgt":null,"var_is_wgt":null,"loc_start_pos":"459","loc_end_pos":"459","loc_width":"1","loc_rec_seg_no":"1","labl":"29. \u00bfCu\u00e1ndo fue la \u00faltima vez que ... fum\u00f3 cigarrillos?","var_imputation":null,"var_security":null,"var_resp_unit":null,"var_analysis_unit":null,"var_qstn_preqtxt":null,"var_qstn_qstnlit":"29. \u00bfCu\u00e1ndo fue la \u00faltima vez que ... fum\u00f3 cigarrillos?\n\n1.\tHace menos de un mes\n2.\tEntre 1 y 3 meses\n3.\tEntre 4 y 6 meses\n4.\tEntre 7 meses y menos de 1 a\u00f1o\n5.\tEntre 1 y 4 a\u00f1os\n6.\tEntre 5 y 9 a\u00f1os\n7.\tM\u00e1s de 10 a\u00f1os","var_qstn_postqtxt":null,"var_qstn_ivuinstr":null,"var_universe":"El universo para la Encuesta Longitudinal de Colombia (ELCO) est\u00e1 conformado por la poblaci\u00f3n civil no institucional residente en todo el territorio nacional, excluyendo San Andr\u00e9s, Providencia y los departamentos de Amazonas, Guain\u00eda y Vaup\u00e9s.","var_universe_clusion":"I","var_sumstat":[{"value":"5663","type":"vald","wgtd":null},{"value":"0","type":"invd","wgtd":null}],"var_txt":null,"var_catgry":[{"value":"1","labl":"Hace menos de un mes","is_missing":null,"stats":[{"value":"55","type":"freq","wgtd":null}]},{"value":"2","labl":"Entre 1 y 3 meses","is_missing":null,"stats":[{"value":"95","type":"freq","wgtd":null}]},{"value":"3","labl":"Entre 4 y 6 meses","is_missing":null,"stats":[{"value":"48","type":"freq","wgtd":null}]},{"value":"4","labl":"Entre 7 meses y menos de 1 a\u00f1o","is_missing":null,"stats":[{"value":"82","type":"freq","wgtd":null}]},{"value":"5","labl":"Entre 1 y 4 a\u00f1os","is_missing":null,"stats":[{"value":"475","type":"freq","wgtd":null}]},{"value":"6","labl":"Entre 5 y 9 a\u00f1os","is_missing":null,"stats":[{"value":"498","type":"freq","wgtd":null}]},{"value":"7","labl":"M\u00e1s de 10 a\u00f1os","is_missing":null,"stats":[{"value":"4410","type":"freq","wgtd":null}]}],"var_codinstr":null,"var_concept":[],"var_format":{"type":"character","schema":"other","category":null,"name":null},"var_notes":null,"var_val_range":{"min":null,"max":null},"fid":"F65","sid":"814","survey_idno":"DANE-DIMPE-ELCO-2019"}