{"file_id":"F65","vid":"V3781","name":"P2349","var_intrvl":"discrete","var_dcml":null,"var_wgt":null,"var_is_wgt":null,"loc_start_pos":"464","loc_end_pos":"464","loc_width":"1","loc_rec_seg_no":"1","labl":"33. \u00bfCu\u00e1ntos d\u00edas a la semana consume bebidas alcoh\u00f3licas?","var_imputation":null,"var_security":null,"var_resp_unit":null,"var_analysis_unit":null,"var_qstn_preqtxt":null,"var_qstn_qstnlit":"33. \u00bfCu\u00e1ntos d\u00edas a la semana consume bebidas alcoh\u00f3licas?","var_qstn_postqtxt":null,"var_qstn_ivuinstr":null,"var_universe":"El universo para la Encuesta Longitudinal de Colombia (ELCO) est\u00e1 conformado por la poblaci\u00f3n civil no institucional residente en todo el territorio nacional, excluyendo San Andr\u00e9s, Providencia y los departamentos de Amazonas, Guain\u00eda y Vaup\u00e9s.","var_universe_clusion":"I","var_sumstat":[{"value":"6496","type":"vald","wgtd":null},{"value":"0","type":"invd","wgtd":null}],"var_txt":null,"var_catgry":[{"value":"1","labl":null,"is_missing":null,"stats":[{"value":"1236","type":"freq","wgtd":null}]},{"value":"2","labl":null,"is_missing":null,"stats":[{"value":"205","type":"freq","wgtd":null}]},{"value":"3","labl":null,"is_missing":null,"stats":[{"value":"67","type":"freq","wgtd":null}]},{"value":"4","labl":null,"is_missing":null,"stats":[{"value":"18","type":"freq","wgtd":null}]},{"value":"5","labl":null,"is_missing":null,"stats":[{"value":"24","type":"freq","wgtd":null}]},{"value":"6","labl":null,"is_missing":null,"stats":[{"value":"3","type":"freq","wgtd":null}]},{"value":"7","labl":null,"is_missing":null,"stats":[{"value":"30","type":"freq","wgtd":null}]},{"value":"8","labl":null,"is_missing":null,"stats":[{"value":"4705","type":"freq","wgtd":null}]},{"value":"9","labl":null,"is_missing":null,"stats":[{"value":"208","type":"freq","wgtd":null}]}],"var_codinstr":null,"var_concept":[],"var_format":{"type":"character","schema":"other","category":null,"name":null},"var_notes":null,"var_val_range":{"min":null,"max":null},"fid":"F65","sid":"814","survey_idno":"DANE-DIMPE-ELCO-2019"}