{"file_id":"F66","vid":"V3810","name":"P6240","var_intrvl":"discrete","var_dcml":"0","var_wgt":null,"var_is_wgt":null,"loc_start_pos":"145","loc_end_pos":"145","loc_width":"1","loc_rec_seg_no":"1","labl":"1. La SEMANA PASADA, \u00bf...:","var_imputation":null,"var_security":null,"var_resp_unit":null,"var_analysis_unit":null,"var_qstn_preqtxt":null,"var_qstn_qstnlit":"1. La SEMANA PASADA, \u00bf...:\n\n1.\tTrabaj\u00f3 por lo menos UNA hora en una actividad que le gener\u00f3 alg\u00fan ingreso\n2.\tTrabaj\u00f3 por lo menos UNA hora como ayudante en una actividad sin que le pagaran\n3.\tNo trabaj\u00f3, pero ten\u00eda un empleo, trabajo o negocio por el que recibe ingresos\n4.\tEs incapacitado(a) permanente para trabajar\n5.\tNinguna de las anteriores","var_qstn_postqtxt":null,"var_qstn_ivuinstr":null,"var_universe":"El universo para la Encuesta Longitudinal de Colombia (ELCO) est\u00e1 conformado por la poblaci\u00f3n civil no institucional residente en todo el territorio nacional, excluyendo San Andr\u00e9s, Providencia y los departamentos de Amazonas, Guain\u00eda y Vaup\u00e9s.","var_universe_clusion":"I","var_sumstat":[{"value":"35877","type":"vald","wgtd":null},{"value":"0","type":"invd","wgtd":null},{"value":"1","type":"min","wgtd":null},{"value":"5","type":"max","wgtd":null},{"value":"3.242","type":"mean","wgtd":null},{"value":"1.941","type":"stdev","wgtd":null}],"var_txt":null,"var_catgry":[{"value":"1","labl":"Trabaj\u00f3 por lo menos UNA hora en una actividad que le gener\u00f3 alg\u00fan ingreso","is_missing":null,"stats":[{"value":"14948","type":"freq","wgtd":null}]},{"value":"2","labl":"Trabaj\u00f3 por lo menos UNA hora como ayudante en una actividad sin que le pagaran","is_missing":null,"stats":[{"value":"370","type":"freq","wgtd":null}]},{"value":"3","labl":"No trabaj\u00f3, pero ten\u00eda un empleo, trabajo o negocio por el que recibe ingresos","is_missing":null,"stats":[{"value":"703","type":"freq","wgtd":null}]},{"value":"4","labl":"Es incapacitado(a) permanente para trabajar","is_missing":null,"stats":[{"value":"754","type":"freq","wgtd":null}]},{"value":"5","labl":"Ninguna de las anteriores","is_missing":null,"stats":[{"value":"19102","type":"freq","wgtd":null}]}],"var_codinstr":null,"var_concept":[],"var_format":{"type":"numeric","schema":"other","category":null,"name":null},"var_notes":null,"var_val_range":{"min":"1","max":"5"},"fid":"F66","sid":"814","survey_idno":"DANE-DIMPE-ELCO-2019"}