{"file_id":"F66","vid":"V3821","name":"P6310","var_intrvl":"discrete","var_dcml":null,"var_wgt":null,"var_is_wgt":null,"loc_start_pos":"156","loc_end_pos":"157","loc_width":"2","loc_rec_seg_no":"1","labl":"5. Aunque ... desea trabajar, \u00bfpor qu\u00e9 motivo principal no hizo diligencias para buscar un trabajo o instalar un negocio en las \u00daLTIMAS 4 SEMANAS?","var_imputation":null,"var_security":null,"var_resp_unit":null,"var_analysis_unit":null,"var_qstn_preqtxt":null,"var_qstn_qstnlit":"5. Aunque ... desea trabajar, \u00bfpor qu\u00e9 motivo principal no hizo diligencias para buscar un trabajo o instalar un negocio en las \u00daLTIMAS 4 SEMANAS?\n\n1.\tYa encontr\u00f3 trabajo \n2.\tNo hay trabajo disponible en la ciudad o regi\u00f3n \/ No encuentra trabajo en su oficio o profesi\u00f3n\n3.\tEst\u00e1 esperando que lo llamen o esperando temporada alta\n4.\tNo sabe c\u00f3mo buscarlo\n5.\tEst\u00e1 cansado de buscar\n6.\tCarece de la experiencia necesaria\n7.\tNo tiene recursos para instalar un negocio\n8.\tLos empleadores lo consideran muy joven o muy viejo\n9.\tPorque tuvo hijos, por embarazo o se cas\u00f3\n10.\tUsted se considera muy joven o muy viejo\n11.\tResponsabilidades familiares\n12.\tProblemas de salud","var_qstn_postqtxt":null,"var_qstn_ivuinstr":null,"var_universe":"El universo para la Encuesta Longitudinal de Colombia (ELCO) est\u00e1 conformado por la poblaci\u00f3n civil no institucional residente en todo el territorio nacional, excluyendo San Andr\u00e9s, Providencia y los departamentos de Amazonas, Guain\u00eda y Vaup\u00e9s.","var_universe_clusion":"I","var_sumstat":[{"value":"1260","type":"vald","wgtd":null},{"value":"0","type":"invd","wgtd":null}],"var_txt":null,"var_catgry":[{"value":"1","labl":"Ya encontr\u00f3 trabajo","is_missing":null,"stats":[{"value":"6","type":"freq","wgtd":null}]},{"value":"10","labl":"Usted se considera muy joven o muy viejo","is_missing":null,"stats":[{"value":"43","type":"freq","wgtd":null}]},{"value":"11","labl":"Responsabilidades familiares","is_missing":null,"stats":[{"value":"196","type":"freq","wgtd":null}]},{"value":"12","labl":"Problemas de salud","is_missing":null,"stats":[{"value":"92","type":"freq","wgtd":null}]},{"value":"13","labl":null,"is_missing":null,"stats":[{"value":"262","type":"freq","wgtd":null}]},{"value":"14","labl":null,"is_missing":null,"stats":[{"value":"42","type":"freq","wgtd":null}]},{"value":"2","labl":"No hay trabajo disponible en la ciudad o regi\u00f3n \/ No encuentra trabajo en su oficio o profesi\u00f3n","is_missing":null,"stats":[{"value":"126","type":"freq","wgtd":null}]},{"value":"3","labl":"Est\u00e1 esperando que lo llamen o esperando temporada alta","is_missing":null,"stats":[{"value":"71","type":"freq","wgtd":null}]},{"value":"4","labl":"No sabe c\u00f3mo buscarlo","is_missing":null,"stats":[{"value":"17","type":"freq","wgtd":null}]},{"value":"5","labl":"Est\u00e1 cansado de buscar","is_missing":null,"stats":[{"value":"47","type":"freq","wgtd":null}]},{"value":"6","labl":"Carece de la experiencia necesaria","is_missing":null,"stats":[{"value":"53","type":"freq","wgtd":null}]},{"value":"7","labl":"No tiene recursos para instalar un negocio","is_missing":null,"stats":[{"value":"177","type":"freq","wgtd":null}]},{"value":"8","labl":"Los empleadores lo consideran muy joven o muy viejo","is_missing":null,"stats":[{"value":"65","type":"freq","wgtd":null}]},{"value":"9","labl":"Porque tuvo hijos, por embarazo o se cas\u00f3","is_missing":null,"stats":[{"value":"63","type":"freq","wgtd":null}]}],"var_codinstr":null,"var_concept":[],"var_format":{"type":"character","schema":"other","category":null,"name":null},"var_notes":null,"var_val_range":{"min":null,"max":null},"fid":"F66","sid":"814","survey_idno":"DANE-DIMPE-ELCO-2019"}