{"file_id":"F66","vid":"V3828","name":"P2366","var_intrvl":"discrete","var_dcml":null,"var_wgt":null,"var_is_wgt":null,"loc_start_pos":"164","loc_end_pos":"164","loc_width":"1","loc_rec_seg_no":"1","labl":"15. \u00bfQu\u00e9 edad ten\u00eda, cu\u00e1nto tiempo lleva o en qu\u00e9 fecha comenz\u00f3 ... con este trabajo o empleo de forma continua?","var_imputation":null,"var_security":null,"var_resp_unit":null,"var_analysis_unit":null,"var_qstn_preqtxt":null,"var_qstn_qstnlit":"15. \u00bfQu\u00e9 edad ten\u00eda, cu\u00e1nto tiempo lleva o en qu\u00e9 fecha comenz\u00f3 ... con este trabajo o empleo de forma continua?\n\n1.\tEdad\n2.\t\u00bfCu\u00e1nto tiempo lleva?\n3.\tFecha de inicio \n9.\tNo responde","var_qstn_postqtxt":null,"var_qstn_ivuinstr":null,"var_universe":"El universo para la Encuesta Longitudinal de Colombia (ELCO) est\u00e1 conformado por la poblaci\u00f3n civil no institucional residente en todo el territorio nacional, excluyendo San Andr\u00e9s, Providencia y los departamentos de Amazonas, Guain\u00eda y Vaup\u00e9s.","var_universe_clusion":"I","var_sumstat":[{"value":"16021","type":"vald","wgtd":null},{"value":"0","type":"invd","wgtd":null}],"var_txt":null,"var_catgry":[{"value":"1","labl":"Edad","is_missing":null,"stats":[{"value":"4756","type":"freq","wgtd":null}]},{"value":"2","labl":"\u00bfCu\u00e1nto tiempo lleva?","is_missing":null,"stats":[{"value":"9693","type":"freq","wgtd":null}]},{"value":"3","labl":"Fecha de inicio","is_missing":null,"stats":[{"value":"1466","type":"freq","wgtd":null}]},{"value":"9","labl":"No responde","is_missing":null,"stats":[{"value":"106","type":"freq","wgtd":null}]}],"var_codinstr":null,"var_concept":[],"var_format":{"type":"character","schema":"other","category":null,"name":null},"var_notes":null,"var_val_range":{"min":null,"max":null},"fid":"F66","sid":"814","survey_idno":"DANE-DIMPE-ELCO-2019"}