{"file_id":"F66","vid":"V3843","name":"P162S1","var_intrvl":"discrete","var_dcml":null,"var_wgt":null,"var_is_wgt":null,"loc_start_pos":"205","loc_end_pos":"212","loc_width":"8","loc_rec_seg_no":"1","labl":"En cuanto estima lo que recibi\u00f3","var_imputation":null,"var_security":null,"var_resp_unit":null,"var_analysis_unit":null,"var_qstn_preqtxt":null,"var_qstn_qstnlit":"En cuanto estima lo que recibi\u00f3","var_qstn_postqtxt":null,"var_qstn_ivuinstr":null,"var_universe":"El universo para la Encuesta Longitudinal de Colombia (ELCO) est\u00e1 conformado por la poblaci\u00f3n civil no institucional residente en todo el territorio nacional, excluyendo San Andr\u00e9s, Providencia y los departamentos de Amazonas, Guain\u00eda y Vaup\u00e9s.","var_universe_clusion":"I","var_sumstat":[{"value":"140","type":"vald","wgtd":null},{"value":"0","type":"invd","wgtd":null}],"var_txt":null,"var_catgry":[{"value":"100000","labl":null,"is_missing":null,"stats":[{"value":"20","type":"freq","wgtd":null}]},{"value":"120000","labl":null,"is_missing":null,"stats":[{"value":"3","type":"freq","wgtd":null}]},{"value":"150000","labl":null,"is_missing":null,"stats":[{"value":"15","type":"freq","wgtd":null}]},{"value":"200000","labl":null,"is_missing":null,"stats":[{"value":"25","type":"freq","wgtd":null}]},{"value":"240000","labl":null,"is_missing":null,"stats":[{"value":"1","type":"freq","wgtd":null}]},{"value":"250000","labl":null,"is_missing":null,"stats":[{"value":"6","type":"freq","wgtd":null}]},{"value":"30000","labl":null,"is_missing":null,"stats":[{"value":"2","type":"freq","wgtd":null}]},{"value":"300000","labl":null,"is_missing":null,"stats":[{"value":"15","type":"freq","wgtd":null}]},{"value":"350000","labl":null,"is_missing":null,"stats":[{"value":"1","type":"freq","wgtd":null}]},{"value":"400000","labl":null,"is_missing":null,"stats":[{"value":"6","type":"freq","wgtd":null}]},{"value":"50000","labl":null,"is_missing":null,"stats":[{"value":"4","type":"freq","wgtd":null}]},{"value":"500000","labl":null,"is_missing":null,"stats":[{"value":"1","type":"freq","wgtd":null}]},{"value":"600000","labl":null,"is_missing":null,"stats":[{"value":"5","type":"freq","wgtd":null}]},{"value":"70000","labl":null,"is_missing":null,"stats":[{"value":"1","type":"freq","wgtd":null}]},{"value":"75000000","labl":null,"is_missing":null,"stats":[{"value":"1","type":"freq","wgtd":null}]},{"value":"80000","labl":null,"is_missing":null,"stats":[{"value":"1","type":"freq","wgtd":null}]},{"value":"800000","labl":null,"is_missing":null,"stats":[{"value":"1","type":"freq","wgtd":null}]},{"value":"90000","labl":null,"is_missing":null,"stats":[{"value":"1","type":"freq","wgtd":null}]},{"value":"98","labl":null,"is_missing":null,"stats":[{"value":"31","type":"freq","wgtd":null}]}],"var_codinstr":null,"var_concept":[],"var_format":{"type":"character","schema":"other","category":null,"name":null},"var_notes":null,"var_val_range":{"min":null,"max":null},"fid":"F66","sid":"814","survey_idno":"DANE-DIMPE-ELCO-2019"}