{"file_id":"F66","vid":"V3886","name":"P2370","var_intrvl":"discrete","var_dcml":null,"var_wgt":null,"var_is_wgt":null,"loc_start_pos":"350","loc_end_pos":"350","loc_width":"1","loc_rec_seg_no":"1","labl":"37. \u00bfCu\u00e1nto hace que ... trabaj\u00f3 por \u00faltima vez?","var_imputation":null,"var_security":null,"var_resp_unit":null,"var_analysis_unit":null,"var_qstn_preqtxt":null,"var_qstn_qstnlit":"37. \u00bfCu\u00e1nto hace que ... trabaj\u00f3 por \u00faltima vez?\n\n1.\tMenos de 1 a\u00f1o\n2.\tEntre 1 y menos de 2 a\u00f1os\n3.\tEntre 2 y menos de 3 a\u00f1os\n4.\tHace 3 a\u00f1os o m\u00e1s\n5.\tNunca ha trabajado","var_qstn_postqtxt":null,"var_qstn_ivuinstr":null,"var_universe":"El universo para la Encuesta Longitudinal de Colombia (ELCO) est\u00e1 conformado por la poblaci\u00f3n civil no institucional residente en todo el territorio nacional, excluyendo San Andr\u00e9s, Providencia y los departamentos de Amazonas, Guain\u00eda y Vaup\u00e9s.","var_universe_clusion":"I","var_sumstat":[{"value":"1091","type":"vald","wgtd":null},{"value":"0","type":"invd","wgtd":null}],"var_txt":null,"var_catgry":[{"value":"1","labl":"Menos de 1 a\u00f1o","is_missing":null,"stats":[{"value":"527","type":"freq","wgtd":null}]},{"value":"2","labl":"Entre 1 y menos de 2 a\u00f1os","is_missing":null,"stats":[{"value":"158","type":"freq","wgtd":null}]},{"value":"3","labl":"Entre 2 y menos de 3 a\u00f1os","is_missing":null,"stats":[{"value":"74","type":"freq","wgtd":null}]},{"value":"4","labl":"Hace 3 a\u00f1os o m\u00e1s","is_missing":null,"stats":[{"value":"169","type":"freq","wgtd":null}]},{"value":"5","labl":"Nunca ha trabajado","is_missing":null,"stats":[{"value":"163","type":"freq","wgtd":null}]}],"var_codinstr":null,"var_concept":[],"var_format":{"type":"character","schema":"other","category":null,"name":null},"var_notes":null,"var_val_range":{"min":null,"max":null},"fid":"F66","sid":"814","survey_idno":"DANE-DIMPE-ELCO-2019"}