{"file_id":"F66","vid":"V3890","name":"P2373","var_intrvl":"discrete","var_dcml":null,"var_wgt":null,"var_is_wgt":null,"loc_start_pos":"355","loc_end_pos":"356","loc_width":"2","loc_rec_seg_no":"1","labl":"41. \u00bfPor qu\u00e9 motivo o raz\u00f3n principal ... dej\u00f3 de trabajar?","var_imputation":null,"var_security":null,"var_resp_unit":null,"var_analysis_unit":null,"var_qstn_preqtxt":null,"var_qstn_qstnlit":"41. \u00bfPor qu\u00e9 motivo o raz\u00f3n principal ... dej\u00f3 de trabajar?\n\n1.\tCondiciones de trabajo insatisfactorias\n2.\tDespido o declaraci\u00f3n de insubsistencia\n3.\tCierre o reestructuraci\u00f3n de la empresa\n4.\tTrabajo terminado\n5.\tEstudios\n6.\tCambio de domicilio\n7.\tPorque tuvo hijos, por embarazo o se cas\u00f3\n8.\tPor otras responsabilidades familiares\n9.\tSe pension\u00f3 o jubil\u00f3\n10.\tPor enfermedad o accidente\n11.\tDecidi\u00f3 no trabajar m\u00e1s\n12.\tOtra raz\u00f3n, \u00bfcu\u00e1l?","var_qstn_postqtxt":null,"var_qstn_ivuinstr":null,"var_universe":"El universo para la Encuesta Longitudinal de Colombia (ELCO) est\u00e1 conformado por la poblaci\u00f3n civil no institucional residente en todo el territorio nacional, excluyendo San Andr\u00e9s, Providencia y los departamentos de Amazonas, Guain\u00eda y Vaup\u00e9s.","var_universe_clusion":"I","var_sumstat":[{"value":"6432","type":"vald","wgtd":null},{"value":"0","type":"invd","wgtd":null}],"var_txt":null,"var_catgry":[{"value":"1","labl":"Condiciones de trabajo insatisfactorias","is_missing":null,"stats":[{"value":"233","type":"freq","wgtd":null}]},{"value":"10","labl":"Por enfermedad o accidente","is_missing":null,"stats":[{"value":"1331","type":"freq","wgtd":null}]},{"value":"11","labl":"Decidi\u00f3 no trabajar m\u00e1s","is_missing":null,"stats":[{"value":"603","type":"freq","wgtd":null}]},{"value":"12","labl":"Otra raz\u00f3n, \u00bfcu\u00e1l?","is_missing":null,"stats":[{"value":"232","type":"freq","wgtd":null}]},{"value":"2","labl":"Despido o declaraci\u00f3n de insubsistencia","is_missing":null,"stats":[{"value":"72","type":"freq","wgtd":null}]},{"value":"3","labl":"Cierre o reestructuraci\u00f3n de la empresa","is_missing":null,"stats":[{"value":"109","type":"freq","wgtd":null}]},{"value":"4","labl":"Trabajo terminado","is_missing":null,"stats":[{"value":"660","type":"freq","wgtd":null}]},{"value":"5","labl":"Estudios","is_missing":null,"stats":[{"value":"158","type":"freq","wgtd":null}]},{"value":"6","labl":"Cambio de domicilio","is_missing":null,"stats":[{"value":"50","type":"freq","wgtd":null}]},{"value":"7","labl":"Porque tuvo hijos, por embarazo o se cas\u00f3","is_missing":null,"stats":[{"value":"731","type":"freq","wgtd":null}]},{"value":"8","labl":"Por otras responsabilidades familiares","is_missing":null,"stats":[{"value":"1127","type":"freq","wgtd":null}]},{"value":"9","labl":"Se pension\u00f3 o jubil\u00f3","is_missing":null,"stats":[{"value":"1126","type":"freq","wgtd":null}]}],"var_codinstr":null,"var_concept":[],"var_format":{"type":"character","schema":"other","category":null,"name":null},"var_notes":null,"var_val_range":{"min":null,"max":null},"fid":"F66","sid":"814","survey_idno":"DANE-DIMPE-ELCO-2019"}