{"file_id":"F67","vid":"V3933","name":"P2401","var_intrvl":"discrete","var_dcml":null,"var_wgt":null,"var_is_wgt":null,"loc_start_pos":"146","loc_end_pos":"146","loc_width":"1","loc_rec_seg_no":"1","labl":"2. \u00bfCu\u00e1l es la principal raz\u00f3n por la que ... no est\u00e1 cotizando a un fondo de pensiones?","var_imputation":null,"var_security":null,"var_resp_unit":null,"var_analysis_unit":null,"var_qstn_preqtxt":null,"var_qstn_qstnlit":"2. \u00bfCu\u00e1l es la principal raz\u00f3n por la que ... no est\u00e1 cotizando a un fondo de pensiones?\n\n1.\tPorque est\u00e1 esperando cumplir la edad para pensionarse\n2.\tPorque no trabaja\n3.\tPorque no quiere o no le interesa\n4.\tPorque no le alcanza el dinero\n5.\tPorque no tiene la edad legal para hacerlo\n6.\tPorque en su trabajo no lo obligan a cotizar pensiones\n7.\tPorque el trabajo es temporal\n8.\tOtra \u00bfcu\u00e1l?","var_qstn_postqtxt":null,"var_qstn_ivuinstr":null,"var_universe":"El universo para la Encuesta Longitudinal de Colombia (ELCO) est\u00e1 conformado por la poblaci\u00f3n civil no institucional residente en todo el territorio nacional, excluyendo San Andr\u00e9s, Providencia y los departamentos de Amazonas, Guain\u00eda y Vaup\u00e9s.","var_universe_clusion":"I","var_sumstat":[{"value":"16021","type":"vald","wgtd":null},{"value":"0","type":"invd","wgtd":null}],"var_txt":null,"var_catgry":[{"value":"1","labl":"Porque est\u00e1 esperando cumplir la edad para pensionarse","is_missing":null,"stats":[{"value":"66","type":"freq","wgtd":null}]},{"value":"2","labl":"Porque no trabaja","is_missing":null,"stats":[{"value":"4614","type":"freq","wgtd":null}]},{"value":"3","labl":"Porque no quiere o no le interesa","is_missing":null,"stats":[{"value":"1795","type":"freq","wgtd":null}]},{"value":"4","labl":"Porque no le alcanza el dinero","is_missing":null,"stats":[{"value":"6521","type":"freq","wgtd":null}]},{"value":"5","labl":"Porque no tiene la edad legal para hacerlo","is_missing":null,"stats":[{"value":"313","type":"freq","wgtd":null}]},{"value":"6","labl":"Porque en su trabajo no lo obligan a cotizar pensiones","is_missing":null,"stats":[{"value":"1926","type":"freq","wgtd":null}]},{"value":"7","labl":"Porque el trabajo es temporal","is_missing":null,"stats":[{"value":"443","type":"freq","wgtd":null}]},{"value":"8","labl":"Otra \u00bfcu\u00e1l?","is_missing":null,"stats":[{"value":"343","type":"freq","wgtd":null}]}],"var_codinstr":null,"var_concept":[],"var_format":{"type":"character","schema":"other","category":null,"name":null},"var_notes":null,"var_val_range":{"min":null,"max":null},"fid":"F67","sid":"814","survey_idno":"DANE-DIMPE-ELCO-2019"}