{"file_id":"F67","vid":"V3936","name":"P2403","var_intrvl":"discrete","var_dcml":null,"var_wgt":null,"var_is_wgt":null,"loc_start_pos":"151","loc_end_pos":"151","loc_width":"1","loc_rec_seg_no":"1","labl":"4. \u00bfDesde qu\u00e9 a\u00f1o, o desde qu\u00e9 edad, est\u00e1 ... afiliado al sistema de pensiones?","var_imputation":null,"var_security":null,"var_resp_unit":null,"var_analysis_unit":null,"var_qstn_preqtxt":null,"var_qstn_qstnlit":"4. \u00bfDesde qu\u00e9 a\u00f1o, o desde qu\u00e9 edad, est\u00e1 ... afiliado al sistema de pensiones?\n\n1.\tA\u00f1o\n2.\tEdad","var_qstn_postqtxt":null,"var_qstn_ivuinstr":null,"var_universe":"El universo para la Encuesta Longitudinal de Colombia (ELCO) est\u00e1 conformado por la poblaci\u00f3n civil no institucional residente en todo el territorio nacional, excluyendo San Andr\u00e9s, Providencia y los departamentos de Amazonas, Guain\u00eda y Vaup\u00e9s.","var_universe_clusion":"I","var_sumstat":[{"value":"5508","type":"vald","wgtd":null},{"value":"0","type":"invd","wgtd":null}],"var_txt":null,"var_catgry":[{"value":"1","labl":"A\u00f1o","is_missing":null,"stats":[{"value":"2817","type":"freq","wgtd":null}]},{"value":"2","labl":"Edad","is_missing":null,"stats":[{"value":"2691","type":"freq","wgtd":null}]}],"var_codinstr":null,"var_concept":[],"var_format":{"type":"character","schema":"other","category":null,"name":null},"var_notes":null,"var_val_range":{"min":null,"max":null},"fid":"F67","sid":"814","survey_idno":"DANE-DIMPE-ELCO-2019"}