{"file_id":"F67","vid":"V3940","name":"P2407","var_intrvl":"discrete","var_dcml":null,"var_wgt":null,"var_is_wgt":null,"loc_start_pos":"159","loc_end_pos":"160","loc_width":"2","loc_rec_seg_no":"1","labl":"6. \u00bfCu\u00e1l es el motivo principal por el que se cambi\u00f3?","var_imputation":null,"var_security":null,"var_resp_unit":null,"var_analysis_unit":null,"var_qstn_preqtxt":null,"var_qstn_qstnlit":"6. \u00bfCu\u00e1l es el motivo principal por el que se cambi\u00f3?\n\n1.\tLa administraci\u00f3n privada de los fondos es mejor que la del Estado\n2.\tLa administraci\u00f3n estatal de los fondos es mejor que la privada\n3.\tEsperaba obtener una mejor pensi\u00f3n\n4.\tLo oblig\u00f3 el empleador\n5.\tPublicidad del r\u00e9gimen\n6.\tPor recomendaci\u00f3n de amigos o familiares\n7.\tPor un contacto de un agente de ventas\n8.\tPara obtener mayor rentabilidad\n9.\tPor la imagen positiva del fondo al que se cambi\u00f3\n10.\tOtro. \u00bfCu\u00e1l?","var_qstn_postqtxt":null,"var_qstn_ivuinstr":null,"var_universe":"El universo para la Encuesta Longitudinal de Colombia (ELCO) est\u00e1 conformado por la poblaci\u00f3n civil no institucional residente en todo el territorio nacional, excluyendo San Andr\u00e9s, Providencia y los departamentos de Amazonas, Guain\u00eda y Vaup\u00e9s.","var_universe_clusion":"I","var_sumstat":[{"value":"864","type":"vald","wgtd":null},{"value":"0","type":"invd","wgtd":null}],"var_txt":null,"var_catgry":[{"value":"1","labl":"La administraci\u00f3n privada de los fondos es mejor que la del Estado","is_missing":null,"stats":[{"value":"93","type":"freq","wgtd":null}]},{"value":"10","labl":"Otro. \u00bfCu\u00e1l?","is_missing":null,"stats":[{"value":"40","type":"freq","wgtd":null}]},{"value":"2","labl":"La administraci\u00f3n estatal de los fondos es mejor que la privada","is_missing":null,"stats":[{"value":"265","type":"freq","wgtd":null}]},{"value":"3","labl":"Esperaba obtener una mejor pensi\u00f3n","is_missing":null,"stats":[{"value":"84","type":"freq","wgtd":null}]},{"value":"4","labl":"Lo oblig\u00f3 el empleador","is_missing":null,"stats":[{"value":"183","type":"freq","wgtd":null}]},{"value":"5","labl":"Publicidad del r\u00e9gimen","is_missing":null,"stats":[{"value":"28","type":"freq","wgtd":null}]},{"value":"6","labl":"Por recomendaci\u00f3n de amigos o familiares","is_missing":null,"stats":[{"value":"79","type":"freq","wgtd":null}]},{"value":"7","labl":"Por un contacto de un agente de ventas","is_missing":null,"stats":[{"value":"15","type":"freq","wgtd":null}]},{"value":"8","labl":"Para obtener mayor rentabilidad","is_missing":null,"stats":[{"value":"43","type":"freq","wgtd":null}]},{"value":"9","labl":"Por la imagen positiva del fondo al que se cambi\u00f3","is_missing":null,"stats":[{"value":"34","type":"freq","wgtd":null}]}],"var_codinstr":null,"var_concept":[],"var_format":{"type":"character","schema":"other","category":null,"name":null},"var_notes":null,"var_val_range":{"min":null,"max":null},"fid":"F67","sid":"814","survey_idno":"DANE-DIMPE-ELCO-2019"}