{"file_id":"F67","vid":"V3947","name":"P2419","var_intrvl":"discrete","var_dcml":null,"var_wgt":null,"var_is_wgt":null,"loc_start_pos":"178","loc_end_pos":"178","loc_width":"1","loc_rec_seg_no":"1","labl":"11. \u00bfPrincipalmente, por qu\u00e9 no ha seguido trabajando?","var_imputation":null,"var_security":null,"var_resp_unit":null,"var_analysis_unit":null,"var_qstn_preqtxt":null,"var_qstn_qstnlit":"11. \u00bfPrincipalmente, por qu\u00e9 no ha seguido trabajando?\n\n1.\tNo le interesa seguir trabajando\n2.\tNo encuentra trabajo\n3.\tSe dedica a otra cosa\n4.\tLa salud se lo impide\n5.\tOtro. \u00bfCu\u00e1l?","var_qstn_postqtxt":null,"var_qstn_ivuinstr":null,"var_universe":"El universo para la Encuesta Longitudinal de Colombia (ELCO) est\u00e1 conformado por la poblaci\u00f3n civil no institucional residente en todo el territorio nacional, excluyendo San Andr\u00e9s, Providencia y los departamentos de Amazonas, Guain\u00eda y Vaup\u00e9s.","var_universe_clusion":"I","var_sumstat":[{"value":"1089","type":"vald","wgtd":null},{"value":"0","type":"invd","wgtd":null}],"var_txt":null,"var_catgry":[{"value":"1","labl":"No le interesa seguir trabajando","is_missing":null,"stats":[{"value":"535","type":"freq","wgtd":null}]},{"value":"2","labl":"No encuentra trabajo","is_missing":null,"stats":[{"value":"58","type":"freq","wgtd":null}]},{"value":"3","labl":"Se dedica a otra cosa","is_missing":null,"stats":[{"value":"146","type":"freq","wgtd":null}]},{"value":"4","labl":"La salud se lo impide","is_missing":null,"stats":[{"value":"305","type":"freq","wgtd":null}]},{"value":"5","labl":"Otro. \u00bfCu\u00e1l?","is_missing":null,"stats":[{"value":"45","type":"freq","wgtd":null}]}],"var_codinstr":null,"var_concept":[],"var_format":{"type":"character","schema":"other","category":null,"name":null},"var_notes":null,"var_val_range":{"min":null,"max":null},"fid":"F67","sid":"814","survey_idno":"DANE-DIMPE-ELCO-2019"}