{"file_id":"F67","vid":"V3948","name":"P2421","var_intrvl":"discrete","var_dcml":null,"var_wgt":null,"var_is_wgt":null,"loc_start_pos":"179","loc_end_pos":"179","loc_width":"1","loc_rec_seg_no":"1","labl":"12. \u00bfPrincipalmente, por qu\u00e9 ha seguido trabajando?","var_imputation":null,"var_security":null,"var_resp_unit":null,"var_analysis_unit":null,"var_qstn_preqtxt":null,"var_qstn_qstnlit":"12. \u00bfPrincipalmente, por qu\u00e9 ha seguido trabajando?\n\n1.\tPor mantenerse activo\n2.\tPorque la pensi\u00f3n es muy baja, necesidad econ\u00f3mica\n3.\tOtro. \u00bfCu\u00e1l?","var_qstn_postqtxt":null,"var_qstn_ivuinstr":null,"var_universe":"El universo para la Encuesta Longitudinal de Colombia (ELCO) est\u00e1 conformado por la poblaci\u00f3n civil no institucional residente en todo el territorio nacional, excluyendo San Andr\u00e9s, Providencia y los departamentos de Amazonas, Guain\u00eda y Vaup\u00e9s.","var_universe_clusion":"I","var_sumstat":[{"value":"295","type":"vald","wgtd":null},{"value":"0","type":"invd","wgtd":null}],"var_txt":null,"var_catgry":[{"value":"1","labl":"Por mantenerse activo","is_missing":null,"stats":[{"value":"155","type":"freq","wgtd":null}]},{"value":"2","labl":"Porque la pensi\u00f3n es muy baja, necesidad econ\u00f3mica","is_missing":null,"stats":[{"value":"134","type":"freq","wgtd":null}]},{"value":"3","labl":"Otro. \u00bfCu\u00e1l?","is_missing":null,"stats":[{"value":"6","type":"freq","wgtd":null}]}],"var_codinstr":null,"var_concept":[],"var_format":{"type":"character","schema":"other","category":null,"name":null},"var_notes":null,"var_val_range":{"min":null,"max":null},"fid":"F67","sid":"814","survey_idno":"DANE-DIMPE-ELCO-2019"}