{"file_id":"F67","vid":"V3956","name":"P2423S8","var_intrvl":"discrete","var_dcml":"0","var_wgt":null,"var_is_wgt":null,"loc_start_pos":"187","loc_end_pos":"187","loc_width":"1","loc_rec_seg_no":"1","labl":"Aportando al programa de Beneficios Econ\u00f3micos Peri\u00f3dicos (BEPS)","var_imputation":null,"var_security":null,"var_resp_unit":null,"var_analysis_unit":null,"var_qstn_preqtxt":null,"var_qstn_qstnlit":"13. \u00bfQu\u00e9 est\u00e1 haciendo actualmente \u2026. para mantenerse econ\u00f3micamente en su vejez: \n\nAportando al programa de Beneficios Econ\u00f3micos Peri\u00f3dicos (BEPS)\n\n1.\tSi\n2.\tNo","var_qstn_postqtxt":null,"var_qstn_ivuinstr":null,"var_universe":"El universo para la Encuesta Longitudinal de Colombia (ELCO) est\u00e1 conformado por la poblaci\u00f3n civil no institucional residente en todo el territorio nacional, excluyendo San Andr\u00e9s, Providencia y los departamentos de Amazonas, Guain\u00eda y Vaup\u00e9s.","var_universe_clusion":"I","var_sumstat":[{"value":"22913","type":"vald","wgtd":null},{"value":"0","type":"invd","wgtd":null},{"value":"1","type":"min","wgtd":null},{"value":"2","type":"max","wgtd":null},{"value":"1.994","type":"mean","wgtd":null},{"value":"0.0785","type":"stdev","wgtd":null}],"var_txt":null,"var_catgry":[{"value":"1","labl":"Si","is_missing":null,"stats":[{"value":"142","type":"freq","wgtd":null}]},{"value":"2","labl":"No","is_missing":null,"stats":[{"value":"22771","type":"freq","wgtd":null}]}],"var_codinstr":null,"var_concept":[],"var_format":{"type":"numeric","schema":"other","category":null,"name":null},"var_notes":null,"var_val_range":{"min":"1","max":"2"},"fid":"F67","sid":"814","survey_idno":"DANE-DIMPE-ELCO-2019"}