{"file_id":"F68","vid":"V4022","name":"P2449","var_intrvl":"discrete","var_dcml":null,"var_wgt":null,"var_is_wgt":null,"loc_start_pos":"190","loc_end_pos":"190","loc_width":"1","loc_rec_seg_no":"1","labl":"4. \u00bfDe cu\u00e1ntos vecinos suyos en esta comunidad, vecindario o vereda tiene a la mano el n\u00famero de tel\u00e9fono o celular en caso de que necesitara llamarlos de urgencia?","var_imputation":null,"var_security":null,"var_resp_unit":null,"var_analysis_unit":null,"var_qstn_preqtxt":null,"var_qstn_qstnlit":"4. \u00bfDe cu\u00e1ntos vecinos suyos en esta comunidad, vecindario o vereda tiene a la mano el n\u00famero de tel\u00e9fono o celular en caso de que necesitara llamarlos de urgencia?\n\n1.\tDe todos los vecinos\n2.\tLa mayor\u00eda\n3.\tM\u00e1s o menos la mitad\n4.\tMenos de la mitad\n5.\tMuy pocos\n6.\tNinguno","var_qstn_postqtxt":null,"var_qstn_ivuinstr":null,"var_universe":"El universo para la Encuesta Longitudinal de Colombia (ELCO) est\u00e1 conformado por la poblaci\u00f3n civil no institucional residente en todo el territorio nacional, excluyendo San Andr\u00e9s, Providencia y los departamentos de Amazonas, Guain\u00eda y Vaup\u00e9s.","var_universe_clusion":"I","var_sumstat":[{"value":"28086","type":"vald","wgtd":null},{"value":"0","type":"invd","wgtd":null}],"var_txt":null,"var_catgry":[{"value":"1","labl":"De todos los vecinos","is_missing":null,"stats":[{"value":"368","type":"freq","wgtd":null}]},{"value":"2","labl":"La mayor\u00eda","is_missing":null,"stats":[{"value":"1490","type":"freq","wgtd":null}]},{"value":"3","labl":"M\u00e1s o menos la mitad","is_missing":null,"stats":[{"value":"1016","type":"freq","wgtd":null}]},{"value":"4","labl":"Menos de la mitad","is_missing":null,"stats":[{"value":"1871","type":"freq","wgtd":null}]},{"value":"5","labl":"Muy pocos","is_missing":null,"stats":[{"value":"14099","type":"freq","wgtd":null}]},{"value":"6","labl":"Ninguno","is_missing":null,"stats":[{"value":"9242","type":"freq","wgtd":null}]}],"var_codinstr":null,"var_concept":[],"var_format":{"type":"character","schema":"other","category":null,"name":null},"var_notes":null,"var_val_range":{"min":null,"max":null},"fid":"F68","sid":"814","survey_idno":"DANE-DIMPE-ELCO-2019"}