{"file_id":"F69","vid":"V4044","name":"P2457","var_intrvl":"discrete","var_dcml":"0","var_wgt":null,"var_is_wgt":null,"loc_start_pos":"154","loc_end_pos":"154","loc_width":"1","loc_rec_seg_no":"1","labl":"3. \u00bf... dir\u00eda que:","var_imputation":null,"var_security":null,"var_resp_unit":null,"var_analysis_unit":null,"var_qstn_preqtxt":null,"var_qstn_qstnlit":"3. \u00bf... dir\u00eda que:\n\n1.\tSiempre vota en las elecciones\n2.\tVota en la mayor\u00eda de las elecciones\n3.\tRara vez vota en las elecciones\n4.\tNunca ha votado","var_qstn_postqtxt":null,"var_qstn_ivuinstr":null,"var_universe":"El universo para la Encuesta Longitudinal de Colombia (ELCO) est\u00e1 conformado por la poblaci\u00f3n civil no institucional residente en todo el territorio nacional, excluyendo San Andr\u00e9s, Providencia y los departamentos de Amazonas, Guain\u00eda y Vaup\u00e9s.","var_universe_clusion":"I","var_sumstat":[{"value":"28086","type":"vald","wgtd":null},{"value":"0","type":"invd","wgtd":null},{"value":"1","type":"min","wgtd":null},{"value":"4","type":"max","wgtd":null},{"value":"1.577","type":"mean","wgtd":null},{"value":"0.959","type":"stdev","wgtd":null}],"var_txt":null,"var_catgry":[{"value":"1","labl":"Siempre vota en las elecciones","is_missing":null,"stats":[{"value":"19317","type":"freq","wgtd":null}]},{"value":"2","labl":"Vota en la mayor\u00eda de las elecciones","is_missing":null,"stats":[{"value":"3388","type":"freq","wgtd":null}]},{"value":"3","labl":"Rara vez vota en las elecciones","is_missing":null,"stats":[{"value":"3330","type":"freq","wgtd":null}]},{"value":"4","labl":"Nunca ha votado","is_missing":null,"stats":[{"value":"2051","type":"freq","wgtd":null}]}],"var_codinstr":null,"var_concept":[],"var_format":{"type":"numeric","schema":"other","category":null,"name":null},"var_notes":null,"var_val_range":{"min":"1","max":"4"},"fid":"F69","sid":"814","survey_idno":"DANE-DIMPE-ELCO-2019"}