{"file_id":"F69","vid":"V4056","name":"P2469S7","var_intrvl":"discrete","var_dcml":"0","var_wgt":null,"var_is_wgt":null,"loc_start_pos":"167","loc_end_pos":"167","loc_width":"1","loc_rec_seg_no":"1","labl":"Cada individuo es responsable de su propio bienestar","var_imputation":null,"var_security":null,"var_resp_unit":null,"var_analysis_unit":null,"var_qstn_preqtxt":null,"var_qstn_qstnlit":"9. Ahora voy a leerle algunas afirmaciones y le pedir\u00e9 que me diga si est\u00e1 totalmente de acuerdo, de acuerdo, en desacuerdo, o totalmente en desacuerdo   \n\nCada individuo es responsable de su propio bienestar\n\n1.\tTotalmente de acuerdo\n2.\tDe acuerdo\n3.\tEn desacuerdo\n4.\tTotalmente en desacuerdo","var_qstn_postqtxt":null,"var_qstn_ivuinstr":null,"var_universe":"El universo para la Encuesta Longitudinal de Colombia (ELCO) est\u00e1 conformado por la poblaci\u00f3n civil no institucional residente en todo el territorio nacional, excluyendo San Andr\u00e9s, Providencia y los departamentos de Amazonas, Guain\u00eda y Vaup\u00e9s.","var_universe_clusion":"I","var_sumstat":[{"value":"28086","type":"vald","wgtd":null},{"value":"0","type":"invd","wgtd":null},{"value":"1","type":"min","wgtd":null},{"value":"4","type":"max","wgtd":null},{"value":"1.784","type":"mean","wgtd":null},{"value":"0.67","type":"stdev","wgtd":null}],"var_txt":null,"var_catgry":[{"value":"1","labl":"Totalmente de acuerdo","is_missing":null,"stats":[{"value":"9519","type":"freq","wgtd":null}]},{"value":"2","labl":"De acuerdo","is_missing":null,"stats":[{"value":"15595","type":"freq","wgtd":null}]},{"value":"3","labl":"En desacuerdo","is_missing":null,"stats":[{"value":"2496","type":"freq","wgtd":null}]},{"value":"4","labl":"Totalmente en desacuerdo","is_missing":null,"stats":[{"value":"476","type":"freq","wgtd":null}]}],"var_codinstr":null,"var_concept":[],"var_format":{"type":"numeric","schema":"other","category":null,"name":null},"var_notes":null,"var_val_range":{"min":"1","max":"4"},"fid":"F69","sid":"814","survey_idno":"DANE-DIMPE-ELCO-2019"}