{"file_id":"F69","vid":"V4071","name":"P2473S7","var_intrvl":"discrete","var_dcml":"0","var_wgt":null,"var_is_wgt":null,"loc_start_pos":"182","loc_end_pos":"182","loc_width":"1","loc_rec_seg_no":"1","labl":"Que los venezolanos tengan acceso a salud, educaci\u00f3n y trabajo en Colombia.","var_imputation":null,"var_security":null,"var_resp_unit":null,"var_analysis_unit":null,"var_qstn_preqtxt":null,"var_qstn_qstnlit":"Le leer\u00e9 algunas cosas que a veces molestan o ponen de mal genio a la gente. Quiero que me diga, CU\u00c1LES de \u00e9stas le molestan a usted o le ponen de mal humor: \n                                                                                                                   Que los venezolanos tengan acceso a salud, educaci\u00f3n y trabajo en Colombia.\n\n1.\tSi le molesta\n2.\tNo le molesta\n3.\tPrefiere no responder","var_qstn_postqtxt":null,"var_qstn_ivuinstr":null,"var_universe":"El universo para la Encuesta Longitudinal de Colombia (ELCO) est\u00e1 conformado por la poblaci\u00f3n civil no institucional residente en todo el territorio nacional, excluyendo San Andr\u00e9s, Providencia y los departamentos de Amazonas, Guain\u00eda y Vaup\u00e9s.","var_universe_clusion":"I","var_sumstat":[{"value":"28086","type":"vald","wgtd":null},{"value":"0","type":"invd","wgtd":null},{"value":"1","type":"min","wgtd":null},{"value":"3","type":"max","wgtd":null},{"value":"1.893","type":"mean","wgtd":null},{"value":"0.544","type":"stdev","wgtd":null}],"var_txt":null,"var_catgry":[{"value":"1","labl":"Si le molesta","is_missing":null,"stats":[{"value":"5817","type":"freq","wgtd":null}]},{"value":"2","labl":"No le molesta","is_missing":null,"stats":[{"value":"19460","type":"freq","wgtd":null}]},{"value":"3","labl":"Prefiere no responder","is_missing":null,"stats":[{"value":"2809","type":"freq","wgtd":null}]}],"var_codinstr":null,"var_concept":[],"var_format":{"type":"numeric","schema":"other","category":null,"name":null},"var_notes":null,"var_val_range":{"min":"1","max":"3"},"fid":"F69","sid":"814","survey_idno":"DANE-DIMPE-ELCO-2019"}