{"file_id":"F69","vid":"V4085","name":"P2481S2","var_intrvl":"discrete","var_dcml":"0","var_wgt":null,"var_is_wgt":null,"loc_start_pos":"196","loc_end_pos":"196","loc_width":"1","loc_rec_seg_no":"1","labl":"\u00bfHa pedido ayuda a alg\u00fan tipo de l\u00edder c\u00edvico o l\u00edder pol\u00edtico?","var_imputation":null,"var_security":null,"var_resp_unit":null,"var_analysis_unit":null,"var_qstn_preqtxt":null,"var_qstn_qstnlit":"15. Para resolver alg\u00fan tipo de problema que lo afecta a usted o a su comunidad, el \u00faltimo a\u00f1o:    \n                                                                                                          \n\u00bfHa pedido ayuda a alg\u00fan tipo de l\u00edder c\u00edvico o l\u00edder pol\u00edtico?\n\n1.\tSi\n2.\tNo","var_qstn_postqtxt":null,"var_qstn_ivuinstr":null,"var_universe":"El universo para la Encuesta Longitudinal de Colombia (ELCO) est\u00e1 conformado por la poblaci\u00f3n civil no institucional residente en todo el territorio nacional, excluyendo San Andr\u00e9s, Providencia y los departamentos de Amazonas, Guain\u00eda y Vaup\u00e9s.","var_universe_clusion":"I","var_sumstat":[{"value":"28086","type":"vald","wgtd":null},{"value":"0","type":"invd","wgtd":null},{"value":"1","type":"min","wgtd":null},{"value":"2","type":"max","wgtd":null},{"value":"1.974","type":"mean","wgtd":null},{"value":"0.159","type":"stdev","wgtd":null}],"var_txt":null,"var_catgry":[{"value":"1","labl":"Si","is_missing":null,"stats":[{"value":"726","type":"freq","wgtd":null}]},{"value":"2","labl":"No","is_missing":null,"stats":[{"value":"27360","type":"freq","wgtd":null}]}],"var_codinstr":null,"var_concept":[],"var_format":{"type":"numeric","schema":"other","category":null,"name":null},"var_notes":null,"var_val_range":{"min":"1","max":"2"},"fid":"F69","sid":"814","survey_idno":"DANE-DIMPE-ELCO-2019"}