{"file_id":"F4","vid":"V135","name":"JORNADA_NOMBRE","var_intrvl":"discrete","var_dcml":null,"var_wgt":null,"var_is_wgt":null,"loc_start_pos":"34","loc_end_pos":"62","loc_width":"29","loc_rec_seg_no":"1","labl":"Nombre de la jornada","var_imputation":null,"var_security":"El acceso a microdatos y Mam-up se considera como de tratamiento especial respecto a la reserva estad\u00edstica por tanto estar\u00e1 sujeto a la reglamentaci\u00f3n que para el efecto defina el Comit\u00e9 de Aseguramiento de la reserva estad\u00edstica. Resoluci\u00f3n 173 de 2008.","var_resp_unit":"La fuente primaria son las sedes educativas de Educaci\u00f3n Formal, legalmente constituidas, del sector oficial y del sector no oficial, que ofrecen los niveles de preescolar, b\u00e1sica primaria, b\u00e1sica secundaria y media localizados en el \u00e1rea urbana y rural dentro del territorio nacional. Tambi\u00e9n se incluyen las sedes que ofrecen educaci\u00f3n para adultos (CLEI), as\u00ed como, modelos educativos flexibles que contemplan procesos de aprendizaje dirigidos a grupos de poblaci\u00f3n vulnerable, j\u00f3venes en extra edad y adultos\n\nEl informante id\u00f3neo es el rector o el representante legal de la unidad de observaci\u00f3n.","var_analysis_unit":null,"var_qstn_preqtxt":"22. Seleccione la alternativa que corresponda seg\u00fan la modalidad en la que ofrece y presta el servicio educativo","var_qstn_qstnlit":"23. Diligencie la siguiente matriz para establecer las jornadas y los niveles de ense\u00f1anza ofrecidos seg\u00fan el calendario acad\u00e9mico que corresponda:\n\nRecuerde: i) Jornada escolar: es el tiempo diario que dedica el establecimiento educativo a los estudiantes en la prestaci\u00f3n directa del servicio p\u00fablico educativo, de conformidad con las normas vigentes; ii) Jornada \u00fanica: es el tiempo diario que dedica el establecimiento educativo oficial de b\u00e1sica y media en actividades acad\u00e9micas. El prop\u00f3sito de esta jornada es aumentar el tiempo de las actividades acad\u00e9micas, descanso pedagogico y alimentaci\u00f3n de los estudiantes para contribuir al logro de los fines y objetivos generales y espec\u00edficos de la educaci\u00f3n seg\u00fan el nivel o ciclo.\n\nJornada:\n\n- Completa \/ \u00danica (No oficiales)\n- Ma\u00f1ana\n- Tarde\n- Nocturna\n- Fin de Semana\n- \u00danica (Oficiales)","var_qstn_postqtxt":"24. El car\u00e1cter que ofrece la sede educativa es","var_qstn_ivuinstr":null,"var_universe":"Sedes educativas de educaci\u00f3n formal, legalmente constituidas, del sector oficial y del sector no oficial, que ofrecen los niveles de preescolar, b\u00e1sica primaria, b\u00e1sica secundaria y media, localizados en el \u00e1rea urbana y rural dentro del territorio nacional. Tambi\u00e9n se incluyen las sedes que ofrecen educaci\u00f3n para adultos (Decreto 3011 de 1997 donde se establecen normas para el ofrecimiento de la educaci\u00f3n de adultos y se dictan otras disposiciones). As\u00ed como,Modelos Educativos Flexibles que contemplan procesos de aprendizaje dirigidos a grupos de poblaci\u00f3n vulnerable, j\u00f3venes en extra edad y adultos.","var_universe_clusion":"I","var_sumstat":[{"value":"0","type":"vald","wgtd":null},{"value":"0","type":"invd","wgtd":null}],"var_txt":"- Jornada escolar: corresponde al tiempo diario que dedica el establecimiento educativo a sus estudiantes en la prestaci\u00f3n directa del servicio p\u00fablico educativo, de conformidad con las normas vigentes sobre calendario acad\u00e9mico y con el plan de estudios. Debe cumplirse durante las cuarenta semanas lectivas establecidas por la ley y fijadas por el calendario acad\u00e9mico de la respectiva secretaria de Educaci\u00f3n Certificada. (Ley 115 de 1994).\n\n- Jornada \u00fanica: comprende el tiempo diario que dedica el establecimiento educativo oficial a sus estudiantes de b\u00e1sica y media en actividades acad\u00e9micas, para el desarrollo de las \u00e1reas obligatorias y fundamentales y\nde las asignaturas optativas, y a los estudiantes de preescolar en su desarrollo en los aspectos biol\u00f3gico, cognoscitivo, sicomotriz, socio-afectivo y espiritual a trav\u00e9s de experiencias de socializaci\u00f3n pedag\u00f3gicas y recreativas. Su prop\u00f3sito es aumentar el tiempo dedicado a las actividades acad\u00e9micas en el establecimiento educativo para contribuir al logro de los fines y objetivos generales y espec\u00edficos de la educaci\u00f3n seg\u00fan el nivel o el ciclo, as\u00ed como el destinado a actividades de descanso pedag\u00f3gico y alimentaci\u00f3n de los estudiantes. (Concepto estandarizado DANE).","var_catgry":[],"var_codinstr":null,"var_concept":[],"var_format":{"type":"character","schema":"other","category":null,"name":null},"var_notes":null,"var_val_range":{"min":null,"max":null},"fid":"F4","sid":"834","survey_idno":"DANE-DIMPE-EDUCACIN-FORMAL-2023"}