{"file_id":"F19","vid":"V340","name":"CARACTER_NOMBRE","var_intrvl":"discrete","var_dcml":null,"var_wgt":null,"var_is_wgt":null,"loc_start_pos":"111","loc_end_pos":"119","loc_width":"9","loc_rec_seg_no":"1","labl":"Nombre del car\u00e1cter","var_imputation":null,"var_security":"El acceso a microdatos y Mam-up se considera como de tratamiento especial respecto a la reserva estad\u00edstica por tanto estar\u00e1 sujeto a la reglamentaci\u00f3n que para el efecto defina el Comit\u00e9 de Aseguramiento de la reserva estad\u00edstica. Resoluci\u00f3n 173 de 2008.","var_resp_unit":"La fuente primaria son las sedes educativas de Educaci\u00f3n Formal, legalmente constituidas, del sector oficial y del sector no oficial, que ofrecen los niveles de preescolar, b\u00e1sica primaria, b\u00e1sica secundaria y media localizados en el \u00e1rea urbana y rural dentro del territorio nacional. Tambi\u00e9n se incluyen las sedes que ofrecen educaci\u00f3n para adultos (CLEI), as\u00ed como, modelos educativos flexibles que contemplan procesos de aprendizaje dirigidos a grupos de poblaci\u00f3n vulnerable, j\u00f3venes en extra edad y adultos\n\nEl informante id\u00f3neo es el rector o el representante legal de la unidad de observaci\u00f3n.","var_analysis_unit":null,"var_qstn_preqtxt":"41. Registre la cantidad de alumnos matriculados en educaci\u00f3n tradicional (preescolar, b\u00e1sica primaria, b\u00e1sica secundaria y media), Modelos Educativos Flexibles MEF (preescolar, b\u00e1sica primaria, b\u00e1sica secundaria y media) y CLEI.","var_qstn_qstnlit":"42. Registre en la siguiente matriz la cantidad de horas impartidas por car\u00e1cter y asignatura seg\u00fan nivel de ense\u00f1anza: tradicional, modelos educativos flexibles y CLEI. \n\nCar\u00e1cter:\n\n- Acad\u00e9mico\t\n- T\u00e9cnico\t\n- Normalista","var_qstn_postqtxt":"43. Registre la cantidad de docentes seg\u00fan el m\u00e1ximo nivel educativo alcanzado y el nivel de ense\u00f1anza y modelo educativo en el que tiene la mayor asignaci\u00f3n acad\u00e9mica.","var_qstn_ivuinstr":null,"var_universe":"Sedes educativas de educaci\u00f3n formal, legalmente constituidas, del sector oficial y del sector no oficial, que ofrecen los niveles de preescolar, b\u00e1sica primaria, b\u00e1sica secundaria y media, localizados en el \u00e1rea urbana y rural dentro del territorio nacional. Tambi\u00e9n se incluyen las sedes que ofrecen educaci\u00f3n para adultos (Decreto 3011 de 1997 donde se establecen normas para el ofrecimiento de la educaci\u00f3n de adultos y se dictan otras disposiciones). As\u00ed como,Modelos Educativos Flexibles que contemplan procesos de aprendizaje dirigidos a grupos de poblaci\u00f3n vulnerable, j\u00f3venes en extra edad y adultos.","var_universe_clusion":"I","var_sumstat":[{"value":"0","type":"vald","wgtd":null},{"value":"0","type":"invd","wgtd":null}],"var_txt":"- Especialidad acad\u00e9mica: manera en que se imparte la educaci\u00f3n para capacitar al estudiante en estudios intermedios, superiores y universitarios; est\u00e1 integrada por las \u00e1reas de ciencias naturales, ciencias sociales, educaci\u00f3n art\u00edstica, \u00e9tica, f\u00edsica, religiosa, humanidades, matem\u00e1ticas, entre otras, y comprende como m\u00ednimo doce grados. (Concepto estandarizado DANE).\n\n- Especialidad t\u00e9cnica: manera en que se imparte la educaci\u00f3n y que contribuye a establecer \u00e1reas de profundizaci\u00f3n donde se prepara a los estudiantes para el desempe\u00f1o laboral en uno de los sectores de la producci\u00f3n y de los servicios y para la continuaci\u00f3n en la educaci\u00f3n superior; est\u00e1 dirigida a la formaci\u00f3n calificada en especialidades como: agropecuaria, finanzas, comercio, industria, pedagog\u00eda y t\u00e9cnico social. (Concepto estandarizado DANE).\n\n- Escuela normal superior: sede educativa que presta el servicio en los niveles de preescolar, b\u00e1sica y media y est\u00e1 autorizada para ser formadora de docentes de educaci\u00f3n inicial, preescolar y b\u00e1sica primaria o como directivo docente - director rural, mediante el programa de formaci\u00f3n complementaria. (Concepto estandarizado DANE).","var_catgry":[{"value":"01","labl":"Acad\u00e9mico","is_missing":null,"stats":[]},{"value":"02","labl":"T\u00e9cnico","is_missing":null,"stats":[]},{"value":"03","labl":"Normalista","is_missing":null,"stats":[]}],"var_codinstr":null,"var_concept":[],"var_format":{"type":"character","schema":"other","category":null,"name":null},"var_notes":null,"var_val_range":{"min":null,"max":null},"fid":"F19","sid":"834","survey_idno":"DANE-DIMPE-EDUCACIN-FORMAL-2023"}