{"file_id":"F21","vid":"V380","name":"MODELOEDUC_NOMBRE","var_intrvl":"discrete","var_dcml":null,"var_wgt":null,"var_is_wgt":null,"loc_start_pos":"54","loc_end_pos":"211","loc_width":"158","loc_rec_seg_no":"1","labl":"Nombre del modelo educativo flexible","var_imputation":null,"var_security":"El acceso a microdatos y Mam-up se considera como de tratamiento especial respecto a la reserva estad\u00edstica por tanto estar\u00e1 sujeto a la reglamentaci\u00f3n que para el efecto defina el Comit\u00e9 de Aseguramiento de la reserva estad\u00edstica. Resoluci\u00f3n 173 de 2008.","var_resp_unit":"La fuente primaria son las sedes educativas de Educaci\u00f3n Formal, legalmente constituidas, del sector oficial y del sector no oficial, que ofrecen los niveles de preescolar, b\u00e1sica primaria, b\u00e1sica secundaria y media localizados en el \u00e1rea urbana y rural dentro del territorio nacional. Tambi\u00e9n se incluyen las sedes que ofrecen educaci\u00f3n para adultos (CLEI), as\u00ed como, modelos educativos flexibles que contemplan procesos de aprendizaje dirigidos a grupos de poblaci\u00f3n vulnerable, j\u00f3venes en extra edad y adultos\n\nEl informante id\u00f3neo es el rector o el representante legal de la unidad de observaci\u00f3n.","var_analysis_unit":null,"var_qstn_preqtxt":"46. Registre la informaci\u00f3n correspondiente a los estudiantes matriculados en estrategias y modelos educativos flexibles para los niveles de preescolar, b\u00e1sica primaria, b\u00e1sica secundaria y media.","var_qstn_qstnlit":"46a. De acuerdo a la modalidad educativa de la sede, los alumnos reciben el servicio de forma: \n\n- Trabajo presencial\n- Trabajo en casa \/ en virtualidad\n- Alternancia\n\nSeg\u00fan la selecci\u00f3n anterior, diligencie la cantidad de alumnos matriculados (matr\u00edcula propia y contratada) en esta jornada por nivel de ense\u00f1anza, grado\/ciclo y estrategia educativa. En caso de se\u00f1alar Alternancia, registrar la cantidad de d\u00edas en trabajo presencial y trabajo en casa.\n\nModelo educativo:\n\n- Escuela nueva (entre 5 a 18 a\u00f1os)\t\n- Aceleraci\u00f3n del aprendizaje (entre 5 a 18 a\u00f1os)\t\n- C\u00edrculos del aprendizaje (entre 5 a 18 a\u00f1os)\t\n- Posprimaria\t\n- Telesecundaria\t\n- Caminar en secundaria\t\n- Modelos de educaci\u00f3n con profundizaci\u00f3n en educaci\u00f3n para el trabajo\t\n- Media Rural\t\n- Servicio de Educaci\u00f3n Rural (SER) (15 a\u00f1os en adelante)\t\n- CAFAM (15 a\u00f1os en adelante)\t\n- A crecer (15 a\u00f1os en adelante)\t\n- Sistema de Aprendizaje Tutorial (SAT)\t\n- Servicio de educaci\u00f3n rural (SER)\t\n- CAFAM\t\n- Grupos juveniles creativos\t\n- Bachillerato pacicultor\t\n- Retos para gigantes\t\n- Retos para gigantes (entre 5 a 18 a\u00f1os)\t\n- Escuela ind\u00edgena intercultural de j\u00f3venes y adultos (15 a\u00f1os en adelante)\t\n- Escuela integral (15 a\u00f1os en adelante)\t\n- Secundaria Activa\t\n- Virtual asistida UCN (Universidad Catolica del Norte)\t\n- Escuela indigena intercultural de jovenes y adultos\t\n- Escuela integral\t\n- Pensar adultos\t\n- Programa de educaci\u00f3n b\u00e0sica y media para jovenes y adultos.  Universidad Abierta y a - Distancia UNAD\t\n- Nivelemos\t\n- Nivelemos (entre 5 a 18 a\u00f1os)\t\n- Apoyo acad\u00e9mico especial\t\n- Apoyo acad\u00e9mico especial (ni\u00f1as, ni\u00f1os y j\u00f3venes en situaci\u00f3n de enfermedad) (entre 5 a 18 a\u00f1os)\t\n- Br\u00fajula (15 a\u00f1os en adelante)\t\n- Estrategia de nivelaci\u00f3n y aceleraci\u00f3n para ni\u00f1os y adolescentes en extraedad (migrantes, v\u00edctimas y otros vulnerables - alfabetizaci\u00f3n) (15 a\u00f1os en adelante)\t\n- Etnoeducativo para comunidades negras - Pacifico colombiano (15 a\u00f1os en adelante)\t\n- Otros modelos etnoeducativos (15 a\u00f1os en adelante)\t\n- Programa para j\u00f3venes en extraedad y adultos (15 a\u00f1os en adelante)\t\n- Tejiendo saberes (15 a\u00f1os en adelante)\t\n- Estrategia de nivelaci\u00f3n y aceleraci\u00f3n para ni\u00f1os y adolescentes en extraedad (migrantes, v\u00edctimas y otros vulnerables - alfabetizaci\u00f3n)\t\n- Otros modelos etnoeducativos\t\n- Programa para j\u00f3venes en extraedad y adultos\t\n- Tejiendo saberes\t\n- Etnoeducativo para comunidades negras - Pacifico colombiano","var_qstn_postqtxt":"48. Registre el total de la matr\u00edcula (propia y contratada) de b\u00e1sica secundaria y media desagregada por car\u00e1cter y especialidad.","var_qstn_ivuinstr":null,"var_universe":"Sedes educativas de educaci\u00f3n formal, legalmente constituidas, del sector oficial y del sector no oficial, que ofrecen los niveles de preescolar, b\u00e1sica primaria, b\u00e1sica secundaria y media, localizados en el \u00e1rea urbana y rural dentro del territorio nacional. Tambi\u00e9n se incluyen las sedes que ofrecen educaci\u00f3n para adultos (Decreto 3011 de 1997 donde se establecen normas para el ofrecimiento de la educaci\u00f3n de adultos y se dictan otras disposiciones). As\u00ed como,Modelos Educativos Flexibles que contemplan procesos de aprendizaje dirigidos a grupos de poblaci\u00f3n vulnerable, j\u00f3venes en extra edad y adultos.","var_universe_clusion":"I","var_sumstat":[{"value":"0","type":"vald","wgtd":null}],"var_txt":"- Modelo Educativo Flexible (MEF): propuesta de Educaci\u00f3n Formal que permite atender a poblaciones diversas o en condiciones de vulnerabilidad que presenten dificultades para participar en la oferta educativa tradicional; se caracteriza por contar con una propuesta conceptual de car\u00e1cter pedag\u00f3gico y did\u00e1ctico, coherente entre s\u00ed, y que responde a las condiciones particulares y las necesidades de la poblaci\u00f3n a la que se dirige. Tambi\u00e9n cuenta con procesos de gesti\u00f3n, administraci\u00f3n, capacitaci\u00f3n y seguimiento definidos, as\u00ed como materiales did\u00e1cticos que se relacionen con las posturas te\u00f3ricas que la orientan. (Concepto estandarizado DANE).","var_catgry":[],"var_codinstr":null,"var_concept":[],"var_format":{"type":"character","schema":"other","category":null,"name":null},"var_notes":null,"var_val_range":{"min":null,"max":null},"fid":"F21","sid":"834","survey_idno":"DANE-DIMPE-EDUCACIN-FORMAL-2023"}